{"id":219,"date":"2020-07-03T14:57:57","date_gmt":"2020-07-03T12:57:57","guid":{"rendered":"http:\/\/segway-in-steyr.at\/sis\/?page_id=219"},"modified":"2026-03-06T00:51:34","modified_gmt":"2026-03-05T23:51:34","slug":"touren","status":"publish","type":"page","link":"https:\/\/segway-in-steyr.at\/sis\/","title":{"rendered":"Erlebnisse"},"content":{"rendered":"<p>[et_pb_section fb_built=&#8220;1&#8243; _builder_version=&#8220;4.16&#8243; background_color=&#8220;#eeeeee&#8220; custom_padding=&#8220;0px||0px||false|false&#8220; global_colors_info=&#8220;{}&#8220;][et_pb_row _builder_version=&#8220;4.16&#8243; custom_margin=&#8220;0px||0px||false|false&#8220; custom_padding=&#8220;0px||0px||false|false&#8220; global_colors_info=&#8220;{}&#8220;][et_pb_column type=&#8220;4_4&#8243; _builder_version=&#8220;4.16&#8243; global_colors_info=&#8220;{}&#8220;][et_pb_image src=&#8220;http:\/\/segway-in-steyr.at\/sis\/wp-content\/uploads\/2020\/07\/touren_header.jpg&#8220; title_text=&#8220;touren_header&#8220; align=&#8220;center&#8220; force_fullwidth=&#8220;on&#8220; disabled_on=&#8220;on|off|off&#8220; _builder_version=&#8220;4.16&#8243; module_alignment=&#8220;center&#8220; global_colors_info=&#8220;{}&#8220;][\/et_pb_image][\/et_pb_column][\/et_pb_row][et_pb_row _builder_version=&#8220;4.16&#8243; custom_margin=&#8220;0px||0px||false|false&#8220; custom_padding=&#8220;0px||0px||false|false&#8220; global_colors_info=&#8220;{}&#8220;][et_pb_column type=&#8220;4_4&#8243; _builder_version=&#8220;4.16&#8243; global_colors_info=&#8220;{}&#8220;][et_pb_image src=&#8220;http:\/\/segway-in-steyr.at\/sis\/wp-content\/uploads\/2020\/07\/MHM_header-sis-mobile.jpg&#8220; title_text=&#8220;MHM_header-sis-mobile&#8220; align=&#8220;center&#8220; force_fullwidth=&#8220;on&#8220; disabled_on=&#8220;off|on|on&#8220; _builder_version=&#8220;4.16&#8243; module_alignment=&#8220;center&#8220; global_colors_info=&#8220;{}&#8220;][\/et_pb_image][\/et_pb_column][\/et_pb_row][\/et_pb_section][et_pb_section fb_built=&#8220;1&#8243; custom_padding_last_edited=&#8220;on|tablet&#8220; _builder_version=&#8220;4.21.0&#8243; background_color=&#8220;#eeeeee&#8220; custom_margin=&#8220;0px||0px||false|false&#8220; custom_padding=&#8220;0px||0px||false|false&#8220; custom_padding_tablet=&#8220;5%||5%||false|false&#8220; custom_padding_phone=&#8220;&#8220; saved_tabs=&#8220;all&#8220; global_colors_info=&#8220;{}&#8220;][et_pb_row column_structure=&#8220;3_4,1_4&#8243; use_custom_gutter=&#8220;on&#8220; gutter_width=&#8220;1&#8243; make_equal=&#8220;on&#8220; module_id=&#8220;float&#8220; _builder_version=&#8220;4.16&#8243; background_color=&#8220;#0a9534&#8243; background_size=&#8220;initial&#8220; background_position=&#8220;top_left&#8220; background_repeat=&#8220;repeat&#8220; width=&#8220;320px&#8220; width_tablet=&#8220;&#8220; width_phone=&#8220;&#8220; width_last_edited=&#8220;on|tablet&#8220; custom_margin=&#8220;|||-241px|false|false&#8220; custom_margin_tablet=&#8220;|10%||10%|false|false&#8220; custom_margin_phone=&#8220;&#8220; custom_margin_last_edited=&#8220;on|tablet&#8220; custom_padding=&#8220;0px||0px||false|false&#8220; module_alignment_tablet=&#8220;center&#8220; module_alignment_phone=&#8220;&#8220; module_alignment_last_edited=&#8220;on|tablet&#8220; border_radii=&#8220;off||10px|10px|&#8220; border_radii_tablet=&#8220;off||0px|0px|&#8220; border_radii_phone=&#8220;&#8220; border_radii_last_edited=&#8220;on|desktop&#8220; global_colors_info=&#8220;{}&#8220; custom_margin__hover_enabled=&#8220;on|desktop&#8220; custom_margin__hover=&#8220;|||0px|false|false&#8220;][et_pb_column type=&#8220;3_4&#8243; _builder_version=&#8220;4.16&#8243; custom_padding=&#8220;|5px||5px|false|false&#8220; border_width_right=&#8220;1px&#8220; border_color_right=&#8220;#cccccc&#8220; global_colors_info=&#8220;{}&#8220; custom_padding__hover=&#8220;|||&#8220;][et_pb_text _builder_version=&#8220;4.16&#8243; background_color=&#8220;#ffffff&#8220; custom_margin=&#8220;10px||1px||false|false&#8220; custom_padding=&#8220;0px||0px|15px|false|false&#8220; link_option_url=&#8220;http:\/\/segway-in-steyr.at\/sis\/home\/&#8220; global_colors_info=&#8220;{}&#8220;]<\/p>\n<h3>Frage? beantwortet!<\/h3>\n<p>[\/et_pb_text][et_pb_text _builder_version=&#8220;4.16&#8243; background_color=&#8220;#ffffff&#8220; custom_margin=&#8220;0px||1px||false|false&#8220; custom_padding=&#8220;0px||0px|15px|false|false&#8220; link_option_url=&#8220;www.segway-in-steyr.at\/sis\/touren&#8220; global_colors_info=&#8220;{}&#8220;]<\/p>\n<h3>Schwebe &#8211; Erlebnisse<\/h3>\n<p>[\/et_pb_text][et_pb_text _builder_version=&#8220;4.16&#8243; background_color=&#8220;#ffffff&#8220; custom_margin=&#8220;0px||1px||false|false&#8220; custom_padding=&#8220;0px||0px|15px|false|false&#8220; link_option_url=&#8220;www.segway-in-steyr.at\/sis\/gliders-club&#8220; global_colors_info=&#8220;{}&#8220;]<\/p>\n<h3>GlidersClub<\/h3>\n<p>[\/et_pb_text][et_pb_text _builder_version=&#8220;4.16&#8243; background_color=&#8220;#ffffff&#8220; custom_margin=&#8220;0px||1px||false|false&#8220; custom_padding=&#8220;0px||0px|15px|false|false&#8220; link_option_url=&#8220;http:\/\/www.mohumo.at\/boardingarea&#8220; link_option_url_new_window=&#8220;on&#8220; global_colors_info=&#8220;{}&#8220;]<\/p>\n<h3>HeuteMorgen<\/h3>\n<p>[\/et_pb_text][et_pb_text _builder_version=&#8220;4.16&#8243; background_color=&#8220;#ffffff&#8220; custom_margin=&#8220;0px||10px||false|false&#8220; custom_padding=&#8220;0px||0px|15px|false|false&#8220; link_option_url=&#8220;www.bookeo.com\/segwayinsteyr&#8220; link_option_url_new_window=&#8220;on&#8220; global_colors_info=&#8220;{}&#8220;]<\/p>\n<h3>Online BUCHEN Seite<\/h3>\n<p>[\/et_pb_text][\/et_pb_column][et_pb_column type=&#8220;1_4&#8243; _builder_version=&#8220;4.16&#8243; custom_padding=&#8220;|5px||5px|false|false&#8220; custom_css_main_element=&#8220;display: flex;||flex-direction: column;||justify-content: center;&#8220; border_width_right=&#8220;1px&#8220; border_color_right=&#8220;#cccccc&#8220; global_colors_info=&#8220;{}&#8220; custom_padding__hover=&#8220;|||&#8220;][et_pb_text disabled_on=&#8220;on|on|off&#8220; _builder_version=&#8220;4.16&#8243; header_text_color=&#8220;#ffffff&#8220; header_font_size=&#8220;20px&#8220; text_orientation=&#8220;center&#8220; global_colors_info=&#8220;{}&#8220;]<\/p>\n<h1>Men\u00fc<\/h1>\n<p>[\/et_pb_text][\/et_pb_column][\/et_pb_row][et_pb_row column_structure=&#8220;1_4,1_4,1_4,1_4&#8243; use_custom_gutter=&#8220;on&#8220; gutter_width=&#8220;1&#8243; make_equal=&#8220;on&#8220; admin_label=&#8220;row&#8220; module_class=&#8220;gq_r_fixed_buttons&#8220; _builder_version=&#8220;4.27.4&#8243; background_size=&#8220;initial&#8220; background_position=&#8220;top_left&#8220; background_repeat=&#8220;repeat&#8220; module_alignment=&#8220;center&#8220; custom_margin=&#8220;||20px||false|false&#8220; custom_margin_tablet=&#8220;20px||20px||false|false&#8220; custom_margin_phone=&#8220;20px||20px||false|false&#8220; custom_margin_last_edited=&#8220;on|tablet&#8220; custom_padding=&#8220;0px|||||&#8220; global_colors_info=&#8220;{}&#8220;][et_pb_column type=&#8220;1_4&#8243; _builder_version=&#8220;4.16&#8243; custom_padding=&#8220;|5px||5px|false|false&#8220; border_width_right=&#8220;1px&#8220; border_color_right=&#8220;#cccccc&#8220; global_colors_info=&#8220;{}&#8220; custom_padding__hover=&#8220;|||&#8220;][et_pb_text admin_label=&#8220;Text&#8220; _builder_version=&#8220;4.27.4&#8243; background_size=&#8220;initial&#8220; background_position=&#8220;top_left&#8220; background_repeat=&#8220;repeat&#8220; custom_padding=&#8220;||10px||false|false&#8220; global_colors_info=&#8220;{}&#8220;]<\/p>\n<h1><strong>Die wichtigsten Antworten zum Schweben 2026<br \/><\/strong><\/h1>\n<p>[\/et_pb_text][et_pb_text admin_label=&#8220;Text&#8220; _builder_version=&#8220;4.27.5&#8243; background_size=&#8220;initial&#8220; background_position=&#8220;top_left&#8220; background_repeat=&#8220;repeat&#8220; custom_margin=&#8220;0px||0px||false|false&#8220; custom_padding=&#8220;0px||0px||false|false&#8220; global_colors_info=&#8220;{}&#8220;]<\/p>\n<p><strong>T\u00e4glich Tourbetrieb<br \/>Sonntag 29.M\u00e4rz<\/strong> bis <strong>Montag, 26. Oktober 2026<\/strong><\/p>\n<p>Vorher und Nachher f\u00fcr Gruppen\u00a0gerne auf Anfrage, bitte per email und zumindest 24h vorab.<\/p>\n<p><strong>Weihnachtstouren <\/strong>kommen wieder in der Adventszeit<\/p>\n<div class=\"mo_dpost_content\"><\/div>\n<div class=\"mo_dpost_content\"><\/div>\n<p>[\/et_pb_text][et_pb_text admin_label=&#8220;Text&#8220; _builder_version=&#8220;4.27.6&#8243; background_size=&#8220;initial&#8220; background_position=&#8220;top_left&#8220; background_repeat=&#8220;repeat&#8220; custom_margin=&#8220;0px||0px||false|false&#8220; custom_padding=&#8220;0px||0px||false|false&#8220; global_colors_info=&#8220;{}&#8220;]<\/p>\n<h4><strong><span>Mit uns\u00a0<\/span>\u2026<\/strong><\/h4>\n<p><strong><span class=\"caps\">SPRECHEN<\/span><\/strong><span>\u00a0+43 720 554721<br \/><\/span><strong><span class=\"caps\">SCHREIBEN<\/span><\/strong><span>\u00a0<a href=\"mailto:erlebnisse@segway-in-steyr.at\">erlebnisse@segway-in-steyr.at<\/a><br \/><strong>ONLINE BUCHEN und SCHWEBEN<\/strong> <a href=\"https:\/\/bookeo.com\/segwayinsteyr\">booking.segway-in-steyr.at<\/a><\/span><\/p>\n<p><strong><\/strong><\/p>\n<p><strong><a target=\"_blank\" linktype=\"2\" href=\"mailto:erlebnisse@segway-in-steyr.at?subject=ja%2C%20wir%20haben%20interesse%20an%20einer%20segway%20tour.%20wir%20tragen%20nur%20das%20ein%20was%20wir%20wissen%20%3B)&amp;body=Datum%3A%0AUhrzeit:%0ATourvariante%20%2F%20L%C3%A4nge:%0AAnzahl%20Teilnehmer:%0AWunschGuide%3A%0A%0Aganz%20liebe%20gr%C3%BCsse%20aus%3A%0A%0AHandynummer%3A\" rel=\"noopener noreferrer\">erlebnis per mail anfra\u00adgen (CLICK)<\/a><\/strong><\/p>\n<div class=\"mo_dpost_content\"><\/div>\n<p>[\/et_pb_text][et_pb_text admin_label=&#8220;Text&#8220; _builder_version=&#8220;4.27.4&#8243; background_size=&#8220;initial&#8220; background_position=&#8220;top_left&#8220; background_repeat=&#8220;repeat&#8220; custom_margin=&#8220;0px||0px||false|false&#8220; custom_padding=&#8220;0px||0px||false|false&#8220; global_colors_info=&#8220;{}&#8220;]<\/p>\n<h4><strong>Organisatorisches<\/strong><\/h4>\n<p>[\/et_pb_text][et_pb_text admin_label=&#8220;Text&#8220; _builder_version=&#8220;4.27.6&#8243; background_size=&#8220;initial&#8220; background_position=&#8220;top_left&#8220; background_repeat=&#8220;repeat&#8220; custom_margin=&#8220;0px||0px||false|false&#8220; custom_margin_tablet=&#8220;0px||0px||false|false&#8220; custom_margin_phone=&#8220;||10px||false|false&#8220; custom_margin_last_edited=&#8220;on|phone&#8220; custom_padding=&#8220;0px||30px||false|false&#8220; hover_enabled=&#8220;0&#8243; global_colors_info=&#8220;{}&#8220; sticky_enabled=&#8220;0&#8243;]<\/p>\n<p><strong>Reser\u00advie\u00adrung? <\/strong>Wir schwe\u00adben nur bei vor\u00adlie\u00adgen\u00adden Reser\u00advie\u00adrun\u00adgen. Gerne auch kurzfristig (telefon)<\/p>\n<p><strong>Storno <\/strong>gibts! Kos\u00adtet aber nix! ehrlich! (Kommunikation hilft)<br \/><strong><br \/>Bezah\u00adlen<br \/>* vor Ort<\/strong> bar, maes\u00adtro, Kre\u00addit, Gut\u00adschein<br \/><strong>* Firmen\/Gruppen<\/strong> Rechnung per Post<br \/><strong>Wet\u00adter <\/strong>Ent\u00adschei\u00adden WIR mit EUCH ob es passt (fr\u00fchestens 1 Tag vorher)<br \/><strong>Preise <\/strong>immer pro Per\u00adson<br \/><strong>Gef\u00e4hr\u00adlich <\/strong>wie Rad\u00adfah\u00adren oder so<\/p>\n<p>[\/et_pb_text][et_pb_button button_url=&#8220;https:\/\/bookeo.com\/segwayinsteyr&#8220; url_new_window=&#8220;on&#8220; button_text=&#8220;alle Touren online&#8220; button_alignment=&#8220;center&#8220; _builder_version=&#8220;4.27.4&#8243; custom_button=&#8220;on&#8220; button_text_color=&#8220;#ffffff&#8220; button_bg_color=&#8220;#0a9534&#8243; button_border_width=&#8220;0px&#8220; button_border_radius=&#8220;10px&#8220; button_font=&#8220;||||||||&#8220; button_use_icon=&#8220;off&#8220; custom_margin=&#8220;35px||||false|false&#8220; custom_margin_tablet=&#8220;||20px||false|false&#8220; custom_margin_phone=&#8220;15px||||false|false&#8220; custom_margin_last_edited=&#8220;on|phone&#8220; custom_css_main_element=&#8220;width:98%;&#8220; global_colors_info=&#8220;{}&#8220;][\/et_pb_button][\/et_pb_column][et_pb_column type=&#8220;1_4&#8243; _builder_version=&#8220;4.16&#8243; custom_padding=&#8220;|5px||5px|false|false&#8220; border_width_right=&#8220;1px&#8220; border_color_right=&#8220;#cccccc&#8220; global_colors_info=&#8220;{}&#8220; custom_padding__hover=&#8220;|||&#8220;][et_pb_text admin_label=&#8220;Text&#8220; _builder_version=&#8220;4.16&#8243; background_size=&#8220;initial&#8220; background_position=&#8220;top_left&#8220; background_repeat=&#8220;repeat&#8220; custom_padding=&#8220;||10px||false|false&#8220; global_colors_info=&#8220;{}&#8220;]<\/p>\n<h1><strong>SchwebDochMal<br \/><\/strong><\/h1>\n<p>[\/et_pb_text][et_pb_image src=&#8220;http:\/\/segway-in-steyr.at\/sis\/wp-content\/uploads\/2020\/07\/MHM_gr.museumssteg-s18-203&#215;80-1.jpg&#8220; title_text=&#8220;MHM_gr.museumssteg-s18-203&#215;80&#8243; force_fullwidth=&#8220;on&#8220; _builder_version=&#8220;4.16&#8243; custom_margin=&#8220;||18px|||&#8220; global_colors_info=&#8220;{}&#8220;][\/et_pb_image][et_pb_text admin_label=&#8220;Text&#8220; _builder_version=&#8220;4.21.0&#8243; background_size=&#8220;initial&#8220; background_position=&#8220;top_left&#8220; background_repeat=&#8220;repeat&#8220; custom_margin=&#8220;0px||0px||false|false&#8220; custom_padding=&#8220;0px||0px||false|false&#8220; global_colors_info=&#8220;{}&#8220;]<\/p>\n<div class=\"mo_dpost_content\">\n<h4 class=\"mo_dpost_content\">Noch nie geschwebt?<br \/>Keine eigene Gruppe?<br \/>2 Stunden reichen vorerst?<br \/>Eine der sch\u00f6ns\u00adten St\u00e4dte auf dem Seg\u00adway erle\u00adben?<\/h4>\n<\/div>\n<h4 class=\"mo_dpost_content\">Das l\u00e4sst sich erle\u00adben.<\/h4>\n<p>[\/et_pb_text][et_pb_text admin_label=&#8220;Text&#8220; _builder_version=&#8220;4.21.0&#8243; background_size=&#8220;initial&#8220; background_position=&#8220;top_left&#8220; background_repeat=&#8220;repeat&#8220; custom_margin=&#8220;0px||0px||false|false&#8220; custom_padding=&#8220;0px||0px||false|false&#8220; global_colors_info=&#8220;{}&#8220;]<\/p>\n<div class=\"mo_dpost_content\"><\/div>\n<div class=\"mo_dpost_content\">Vom Gr\u00fcn\u00admarkt nach einer gr\u00fcnd\u00adli\u00adchen Ein\u00adschu\u00adlung durch das lieb\u00adli\u00adche Steyr\u00addorf \u2013 den Stadt\u00adteil gepr\u00e4gt von Jahr\u00adhun\u00adder\u00adten des Hand\u00adwerks \u2013 \u00fcber den Wehr\u00adgra\u00adben in die Unter\u00adhimm\u00adler Au. So nahe lie\u00adgen st\u00e4d\u00adti\u00adsches Leben und Gr\u00fcn\u00adraum anein\u00adan\u00adder. Wei\u00adter geht es ent\u00adlang der Steyrtal-Museumsbahn zum Schloss\u00adpark und zum Werndl\u00addenk\u00admal, Pfarr\u00adberg, Alt\u00adstadt und zur\u00fcck auf den Gr\u00fcnmarkt.<\/div>\n<div class=\"mo_dpost_content\"><\/div>\n<div class=\"mo_dpost_content\"><\/div>\n<p>[\/et_pb_text][et_pb_text _builder_version=&#8220;4.21.0&#8243; custom_margin=&#8220;15px||15px||false|false&#8220; custom_padding=&#8220;||25px||false|false&#8220; global_colors_info=&#8220;{}&#8220;]<\/p>\n<p><strong>Dauer: 2 Stunden<\/strong><br \/><strong>Level: leicht<\/strong><\/p>\n<h2 style=\"text-align: left;\">68,\u2013<\/h2>\n<p>[\/et_pb_text][et_pb_button button_url=&#8220;https:\/\/bookeo.com\/segwayinsteyr?type=22149EKMA14B5906416A&#8220; url_new_window=&#8220;on&#8220; button_text=&#8220;online buchen&#8220; button_alignment=&#8220;center&#8220; _builder_version=&#8220;4.27.4&#8243; custom_button=&#8220;on&#8220; button_text_color=&#8220;#ffffff&#8220; button_bg_color=&#8220;#0a9534&#8243; button_border_width=&#8220;0px&#8220; button_border_radius=&#8220;10px&#8220; button_font=&#8220;||||||||&#8220; button_use_icon=&#8220;off&#8220; custom_margin=&#8220;35px||||false|false&#8220; custom_margin_tablet=&#8220;||20px||false|false&#8220; custom_margin_phone=&#8220;15px||||false|false&#8220; custom_margin_last_edited=&#8220;on|phone&#8220; custom_css_main_element=&#8220;width:98%;&#8220; global_colors_info=&#8220;{}&#8220;][\/et_pb_button][\/et_pb_column][et_pb_column type=&#8220;1_4&#8243; _builder_version=&#8220;4.16&#8243; custom_padding=&#8220;|5px||5px|false|false&#8220; border_width_right=&#8220;1px&#8220; border_color_right=&#8220;#cccccc&#8220; global_colors_info=&#8220;{}&#8220; custom_padding__hover=&#8220;|||&#8220;][et_pb_text admin_label=&#8220;Text&#8220; _builder_version=&#8220;4.21.0&#8243; background_size=&#8220;initial&#8220; background_position=&#8220;top_left&#8220; background_repeat=&#8220;repeat&#8220; custom_padding=&#8220;||10px||false|false&#8220; global_colors_info=&#8220;{}&#8220;]<\/p>\n<h1>PanoramaSchweben<\/h1>\n<p>[\/et_pb_text][et_pb_image src=&#8220;http:\/\/segway-in-steyr.at\/sis\/wp-content\/uploads\/2020\/07\/34965613223_c3d5f9fdf5_z-203&#215;80-1.jpg&#8220; title_text=&#8220;34965613223_c3d5f9fdf5_z-203&#215;80&#8243; force_fullwidth=&#8220;on&#8220; _builder_version=&#8220;4.16&#8243; custom_margin=&#8220;||18px|||&#8220; global_colors_info=&#8220;{}&#8220;][\/et_pb_image][et_pb_text admin_label=&#8220;Text&#8220; _builder_version=&#8220;4.21.0&#8243; background_size=&#8220;initial&#8220; background_position=&#8220;top_left&#8220; background_repeat=&#8220;repeat&#8220; custom_margin=&#8220;0px||0px||false|false&#8220; custom_padding=&#8220;0px||0px||false|false&#8220; global_colors_info=&#8220;{}&#8220;]<\/p>\n<h4>Ganz wenig Stadt, ganz viel Land<\/h4>\n<p>[\/et_pb_text][et_pb_text admin_label=&#8220;Text&#8220; _builder_version=&#8220;4.21.0&#8243; background_size=&#8220;initial&#8220; background_position=&#8220;top_left&#8220; background_repeat=&#8220;repeat&#8220; custom_margin=&#8220;0px||0px||false|false&#8220; custom_padding=&#8220;0px||0px||false|false&#8220; global_colors_info=&#8220;{}&#8220;]<\/p>\n<p>Raus in die Natur fu\u0308r zwei Stun\u00adden inklu\u00adsive Ein\u00adschu\u00adlung: fu\u0308r alle, die weni\u00adger Stadt und mehr Natur wol\u00adlen, ohne dass die wun\u00adder\u00adbare Stey\u00adrer Alt\u00adstadt zu kurz kommt.<\/p>\n<p>[\/et_pb_text][et_pb_text _builder_version=&#8220;4.21.0&#8243; custom_margin=&#8220;15px||15px||false|false&#8220; custom_padding=&#8220;||25px||false|false&#8220; global_colors_info=&#8220;{}&#8220;]<\/p>\n<p><strong>Dauer: 2 Stunden<\/strong><br \/><strong>Level: leicht<\/strong><\/p>\n<h2 style=\"text-align: left;\">68,\u2013<\/h2>\n<p>[\/et_pb_text][et_pb_button button_url=&#8220;https:\/\/bookeo.com\/segwayinsteyr?type=221RTN79915AAA5D502A&#8220; url_new_window=&#8220;on&#8220; button_text=&#8220;online buchen&#8220; button_alignment=&#8220;center&#8220; _builder_version=&#8220;4.27.4&#8243; custom_button=&#8220;on&#8220; button_text_color=&#8220;#ffffff&#8220; button_bg_color=&#8220;#0a9534&#8243; button_border_width=&#8220;0px&#8220; button_border_radius=&#8220;10px&#8220; button_font=&#8220;||||||||&#8220; button_use_icon=&#8220;off&#8220; custom_margin=&#8220;35px||||false|false&#8220; custom_margin_tablet=&#8220;||20px||false|false&#8220; custom_margin_phone=&#8220;15px||||false|false&#8220; custom_margin_last_edited=&#8220;on|phone&#8220; custom_css_main_element=&#8220;width:98%;&#8220; global_colors_info=&#8220;{}&#8220;][\/et_pb_button][\/et_pb_column][et_pb_column type=&#8220;1_4&#8243; _builder_version=&#8220;4.16&#8243; custom_padding=&#8220;|5px||5px|false|false&#8220; border_width_right=&#8220;1px&#8220; border_color_right=&#8220;#cccccc&#8220; global_colors_info=&#8220;{}&#8220; custom_padding__hover=&#8220;|||&#8220;][et_pb_text admin_label=&#8220;Text&#8220; _builder_version=&#8220;4.16&#8243; background_size=&#8220;initial&#8220; background_position=&#8220;top_left&#8220; background_repeat=&#8220;repeat&#8220; custom_padding=&#8220;||10px||false|false&#8220; global_colors_info=&#8220;{}&#8220;]<\/p>\n<h1><strong>PanoramaSchweben XL<br \/><\/strong><\/h1>\n<p>[\/et_pb_text][et_pb_image src=&#8220;https:\/\/segway-in-steyr.at\/sis\/wp-content\/uploads\/2020\/07\/27033459194_9cafb1b029_k-203&#215;80-1.jpg&#8220; title_text=&#8220;27033459194_9cafb1b029_k-203&#215;80&#8243; force_fullwidth=&#8220;on&#8220; _builder_version=&#8220;4.16&#8243; custom_margin=&#8220;||18px|||&#8220; global_colors_info=&#8220;{}&#8220;][\/et_pb_image][et_pb_text admin_label=&#8220;Text&#8220; _builder_version=&#8220;4.21.0&#8243; background_size=&#8220;initial&#8220; background_position=&#8220;top_left&#8220; background_repeat=&#8220;repeat&#8220; custom_margin=&#8220;0px||0px||false|false&#8220; custom_padding=&#8220;0px||0px||false|false&#8220; global_colors_info=&#8220;{}&#8220;]<\/p>\n<h4>Ganz wenig Stadt, noch mehr Land<\/h4>\n<p>[\/et_pb_text][et_pb_text admin_label=&#8220;Text&#8220; _builder_version=&#8220;4.21.0&#8243; background_size=&#8220;initial&#8220; background_position=&#8220;top_left&#8220; background_repeat=&#8220;repeat&#8220; custom_margin=&#8220;0px||0px||false|false&#8220; custom_padding=&#8220;0px||0px||false|false&#8220; global_colors_info=&#8220;{}&#8220;]<\/p>\n<p>Eine Verl\u00e4ngerung des PanoramaSchwebens \u00fcber den Dachsberg der uns einen wunderbaren Ausblick auf die Stadt Steyr gew\u00e4hrt.<\/p>\n<h6>Mittwoch bis Sonntag ab 13:00 Uhr buchbar<\/h6>\n<p>[\/et_pb_text][et_pb_text _builder_version=&#8220;4.21.0&#8243; custom_margin=&#8220;15px||15px||false|false&#8220; custom_padding=&#8220;||25px||false|false&#8220; global_colors_info=&#8220;{}&#8220;]<\/p>\n<p><strong>die XL-Version<br \/>Dauer: 3 Stunden<\/strong><br \/><strong>Level: mittel<\/strong><\/p>\n<h2 style=\"text-align: left;\">78,\u2013<\/h2>\n<p>[\/et_pb_text][et_pb_button button_url=&#8220;https:\/\/bookeo.com\/segwayinsteyr?type=221LY63H6162B445F250&#8243; url_new_window=&#8220;on&#8220; button_text=&#8220;online buchen&#8220; button_alignment=&#8220;center&#8220; _builder_version=&#8220;4.21.0&#8243; custom_button=&#8220;on&#8220; button_text_color=&#8220;#ffffff&#8220; button_bg_color=&#8220;#0a9534&#8243; button_border_width=&#8220;0px&#8220; button_border_radius=&#8220;10px&#8220; button_font=&#8220;||||||||&#8220; button_use_icon=&#8220;off&#8220; custom_margin=&#8220;35px||||false|false&#8220; custom_margin_tablet=&#8220;||20px||false|false&#8220; custom_margin_phone=&#8220;15px||||false|false&#8220; custom_margin_last_edited=&#8220;on|phone&#8220; custom_css_main_element=&#8220;width:98%;&#8220; global_colors_info=&#8220;{}&#8220;][\/et_pb_button][\/et_pb_column][\/et_pb_row][\/et_pb_section][et_pb_section fb_built=&#8220;1&#8243; admin_label=&#8220;section&#8220; _builder_version=&#8220;4.16&#8243; background_color=&#8220;#eeeeee&#8220; custom_padding=&#8220;0px|||||&#8220; global_colors_info=&#8220;{}&#8220;][et_pb_row column_structure=&#8220;1_4,1_4,1_4,1_4&#8243; use_custom_gutter=&#8220;on&#8220; gutter_width=&#8220;1&#8243; make_equal=&#8220;on&#8220; admin_label=&#8220;row&#8220; module_class=&#8220;gq_r_fixed_buttons&#8220; _builder_version=&#8220;4.16&#8243; background_size=&#8220;initial&#8220; background_position=&#8220;top_left&#8220; background_repeat=&#8220;repeat&#8220; module_alignment=&#8220;center&#8220; custom_margin=&#8220;||20px||false|false&#8220; custom_padding=&#8220;0px|||||&#8220; global_colors_info=&#8220;{}&#8220;][et_pb_column type=&#8220;1_4&#8243; _builder_version=&#8220;4.16&#8243; custom_padding=&#8220;|5px||5px|false|false&#8220; border_width_right=&#8220;1px&#8220; border_color_right=&#8220;#cccccc&#8220; global_colors_info=&#8220;{}&#8220; custom_padding__hover=&#8220;|||&#8220;][et_pb_text admin_label=&#8220;Text&#8220; _builder_version=&#8220;4.21.0&#8243; background_size=&#8220;initial&#8220; background_position=&#8220;top_left&#8220; background_repeat=&#8220;repeat&#8220; custom_padding=&#8220;||10px||false|false&#8220; global_colors_info=&#8220;{}&#8220;]<\/p>\n<h1>GasserlWegerlPlatzerl<\/h1>\n<p>[\/et_pb_text][et_pb_image src=&#8220;http:\/\/segway-in-steyr.at\/sis\/wp-content\/uploads\/2020\/07\/DSC08551_2500-e1268167107535-203&#215;80-1.jpg&#8220; title_text=&#8220;DSC08551_2500-e1268167107535-203&#215;80&#8243; force_fullwidth=&#8220;on&#8220; _builder_version=&#8220;4.16&#8243; custom_margin=&#8220;||18px|||&#8220; global_colors_info=&#8220;{}&#8220;][\/et_pb_image][et_pb_text admin_label=&#8220;Text&#8220; _builder_version=&#8220;4.21.0&#8243; background_size=&#8220;initial&#8220; background_position=&#8220;top_left&#8220; background_repeat=&#8220;repeat&#8220; custom_margin=&#8220;0px||0px||false|false&#8220; custom_padding=&#8220;0px||0px||false|false&#8220; global_colors_info=&#8220;{}&#8220;]<\/p>\n<h4>Auch unter Steyrern unbekannte Pl\u00e4tze erleben<\/h4>\n<p>[\/et_pb_text][et_pb_text admin_label=&#8220;Text&#8220; _builder_version=&#8220;4.21.0&#8243; background_size=&#8220;initial&#8220; background_position=&#8220;top_left&#8220; background_repeat=&#8220;repeat&#8220; custom_margin=&#8220;0px||0px||false|false&#8220; custom_padding=&#8220;0px||0px||false|false&#8220; global_colors_info=&#8220;{}&#8220;]<\/p>\n<p>Als gewach\u00adsene Stadt mit Stadt\u00adtei\u00adlen aus dem Mit\u00adtel\u00adal\u00adter birgt Steyr eine grosse Menge an Bau\u00adge\u00adheim\u00adnis\u00adsen. Bei die\u00adser Tour ent\u00adf\u00fch\u00adren wir Sie nicht in die Ver\u00adgan\u00adgen\u00adheit, nein, wir zei\u00adgen Ihnen , was davon \u00fcbrig geblie\u00adben ist: Gas\u00adserl, Wegerl und Pl\u00e4tze, die man heute so nicht mehr bauen\u00a0w\u00fcrde<strong><\/strong><\/p>\n<p>[\/et_pb_text][et_pb_text _builder_version=&#8220;4.21.0&#8243; custom_margin=&#8220;15px||15px||false|false&#8220; custom_padding=&#8220;||25px||false|false&#8220; global_colors_info=&#8220;{}&#8220;]<\/p>\n<p><strong>Dauer: 3 Stunden<\/strong><br \/><strong>Level: leicht<\/strong><\/p>\n<h2>78,\u2013<\/h2>\n<p>[\/et_pb_text][et_pb_button button_url=&#8220;https:\/\/bookeo.com\/segwayinsteyr?type=2213LJK9U14B5912B3C0&#8243; url_new_window=&#8220;on&#8220; button_text=&#8220;online buchen&#8220; button_alignment=&#8220;center&#8220; _builder_version=&#8220;4.21.0&#8243; custom_button=&#8220;on&#8220; button_text_color=&#8220;#ffffff&#8220; button_bg_color=&#8220;#0a9534&#8243; button_border_width=&#8220;0px&#8220; button_border_radius=&#8220;10px&#8220; button_font=&#8220;||||||||&#8220; button_use_icon=&#8220;off&#8220; custom_margin=&#8220;35px||||false|false&#8220; custom_margin_tablet=&#8220;||20px||false|false&#8220; custom_margin_phone=&#8220;15px||||false|false&#8220; custom_margin_last_edited=&#8220;on|phone&#8220; custom_css_main_element=&#8220;width:98%;&#8220; global_colors_info=&#8220;{}&#8220;][\/et_pb_button][\/et_pb_column][et_pb_column type=&#8220;1_4&#8243; _builder_version=&#8220;4.16&#8243; custom_padding=&#8220;|5px||5px|false|false&#8220; border_width_right=&#8220;1px&#8220; border_color_right=&#8220;#cccccc&#8220; global_colors_info=&#8220;{}&#8220; custom_padding__hover=&#8220;|||&#8220;][et_pb_text admin_label=&#8220;Text&#8220; _builder_version=&#8220;4.16&#8243; background_size=&#8220;initial&#8220; background_position=&#8220;top_left&#8220; background_repeat=&#8220;repeat&#8220; custom_padding=&#8220;||10px||false|false&#8220; global_colors_info=&#8220;{}&#8220;]<\/p>\n<h1>TrekkerTrackTour<\/h1>\n<p>[\/et_pb_text][et_pb_image src=&#8220;http:\/\/segway-in-steyr.at\/sis\/wp-content\/uploads\/2020\/07\/27033459194_9cafb1b029_k-203&#215;80-1.jpg&#8220; title_text=&#8220;27033459194_9cafb1b029_k-203&#215;80&#8243; force_fullwidth=&#8220;on&#8220; _builder_version=&#8220;4.16&#8243; custom_margin=&#8220;||18px|||&#8220; global_colors_info=&#8220;{}&#8220;][\/et_pb_image][et_pb_text admin_label=&#8220;Text&#8220; _builder_version=&#8220;4.21.0&#8243; background_size=&#8220;initial&#8220; background_position=&#8220;top_left&#8220; background_repeat=&#8220;repeat&#8220; custom_margin=&#8220;0px||0px||false|false&#8220; custom_padding=&#8220;0px||0px||false|false&#8220; global_colors_info=&#8220;{}&#8220;]<\/p>\n<h4>Ein bisserl OFFROAD gef\u00e4llig?<\/h4>\n<p>[\/et_pb_text][et_pb_text admin_label=&#8220;Text&#8220; _builder_version=&#8220;4.21.0&#8243; background_size=&#8220;initial&#8220; background_position=&#8220;top_left&#8220; background_repeat=&#8220;repeat&#8220; custom_margin=&#8220;0px||0px||false|false&#8220; custom_padding=&#8220;0px||0px||false|false&#8220; link_option_url=&#8220;https:\/\/bookeo.com\/segwayinsteyr?type=221PEMPFC14C9DC89FBB&#8220; link_option_url_new_window=&#8220;on&#8220; global_colors_info=&#8220;{}&#8220;]<\/p>\n<p>Eine Tour im n\u00e4he\u00adren Umfeld von Steyr: Wir bewe\u00adgen uns so viel wie m\u00f6g\u00adlich auf den aus\u00adge\u00adfah\u00adre\u00adnen Wegen zwi\u00adschen den Fel\u00addern \u2014 aber so, dass auch Ein\u00adstei\u00adger mit\u00adschwe\u00adben k\u00f6n\u00adnen.<\/p>\n<p>Off\u00adroad fu\u0308r Anf\u00e4nger!<\/p>\n<p>[\/et_pb_text][et_pb_text _builder_version=&#8220;4.21.0&#8243; custom_margin=&#8220;15px||15px||false|false&#8220; custom_padding=&#8220;||25px||false|false&#8220; global_colors_info=&#8220;{}&#8220;]<\/p>\n<p><strong>Dauer: 3 Stunden<\/strong><br \/><strong>Level: mittel<\/strong><\/p>\n<h2>78,\u2013<\/h2>\n<p>[\/et_pb_text][et_pb_button button_url=&#8220;https:\/\/bookeo.com\/segwayinsteyr?type=221PEMPFC14C9DC89FBB&#8220; url_new_window=&#8220;on&#8220; button_text=&#8220;online buchen&#8220; button_alignment=&#8220;center&#8220; _builder_version=&#8220;4.21.0&#8243; custom_button=&#8220;on&#8220; button_text_color=&#8220;#ffffff&#8220; button_bg_color=&#8220;#0a9534&#8243; button_border_width=&#8220;0px&#8220; button_border_radius=&#8220;10px&#8220; button_font=&#8220;||||||||&#8220; button_use_icon=&#8220;off&#8220; custom_margin=&#8220;35px||||false|false&#8220; custom_margin_tablet=&#8220;||20px||false|false&#8220; custom_margin_phone=&#8220;15px||||false|false&#8220; custom_margin_last_edited=&#8220;on|phone&#8220; custom_css_main_element=&#8220;width:98%;&#8220; global_colors_info=&#8220;{}&#8220;][\/et_pb_button][\/et_pb_column][et_pb_column type=&#8220;1_4&#8243; _builder_version=&#8220;4.16&#8243; custom_padding=&#8220;|5px||5px|false|false&#8220; border_width_right=&#8220;1px&#8220; border_color_right=&#8220;#cccccc&#8220; global_colors_info=&#8220;{}&#8220; custom_padding__hover=&#8220;|||&#8220;][et_pb_text admin_label=&#8220;Text&#8220; _builder_version=&#8220;4.21.0&#8243; background_size=&#8220;initial&#8220; background_position=&#8220;top_left&#8220; background_repeat=&#8220;repeat&#8220; custom_padding=&#8220;||10px||false|false&#8220; global_colors_info=&#8220;{}&#8220;]<\/p>\n<h1>TorTour<\/h1>\n<p>[\/et_pb_text][et_pb_image src=&#8220;https:\/\/segway-in-steyr.at\/sis\/wp-content\/uploads\/2020\/07\/MHM_helmst\u00e4nder-img_0949-203&#215;80-1.jpg&#8220; title_text=&#8220;MHM_helmst\u00e4nder-img_0949-203&#215;80&#8243; force_fullwidth=&#8220;on&#8220; _builder_version=&#8220;4.21.0&#8243; custom_margin=&#8220;||18px|||&#8220; global_colors_info=&#8220;{}&#8220;][\/et_pb_image][et_pb_text admin_label=&#8220;Text&#8220; _builder_version=&#8220;4.21.0&#8243; background_size=&#8220;initial&#8220; background_position=&#8220;top_left&#8220; background_repeat=&#8220;repeat&#8220; custom_margin=&#8220;0px||0px||false|false&#8220; custom_padding=&#8220;0px||0px||false|false&#8220; global_colors_info=&#8220;{}&#8220;]<\/p>\n<h4>Ganz viel alte Stadt<\/h4>\n<p>[\/et_pb_text][et_pb_text admin_label=&#8220;Text&#8220; _builder_version=&#8220;4.21.0&#8243; background_size=&#8220;initial&#8220; background_position=&#8220;top_left&#8220; background_repeat=&#8220;repeat&#8220; custom_margin=&#8220;0px||0px||false|false&#8220; custom_padding=&#8220;0px||0px||false|false&#8220; link_option_url=&#8220;https:\/\/bookeo.com\/segwayinsteyr?type=221ENETJ614BC15F9E78&#8243; link_option_url_new_window=&#8220;on&#8220; global_colors_info=&#8220;{}&#8220;]<\/p>\n<p>Als alte Stadt war Steyr seit dem Mittelalter von einer kr\u00e4ftigen Wehranlage umgeben, den Stadtmauern und den dazugeh\u00f6rigen Stadttoren. Heute finden wir nur mehr ganz wenige Maurreste, aber daf\u00fcr einige diese Stadttore in Steyr.<\/p>\n<p>[\/et_pb_text][et_pb_text _builder_version=&#8220;4.21.0&#8243; custom_margin=&#8220;15px||15px||false|false&#8220; custom_padding=&#8220;||25px||false|false&#8220; global_colors_info=&#8220;{}&#8220;]<\/p>\n<p><strong>Dauer: 3 Stunden<\/strong><br \/><strong>Level: mittel<\/strong><\/p>\n<h2>78,\u2013<\/h2>\n<p>[\/et_pb_text][et_pb_button button_url=&#8220;https:\/\/bookeo.com\/segwayinsteyr?type=221ENETJ614BC15F9E78&#8243; url_new_window=&#8220;on&#8220; button_text=&#8220;online buchen&#8220; button_alignment=&#8220;center&#8220; _builder_version=&#8220;4.21.0&#8243; custom_button=&#8220;on&#8220; button_text_color=&#8220;#ffffff&#8220; button_bg_color=&#8220;#0a9534&#8243; button_border_width=&#8220;0px&#8220; button_border_radius=&#8220;10px&#8220; button_font=&#8220;||||||||&#8220; button_use_icon=&#8220;off&#8220; custom_margin=&#8220;35px||||false|false&#8220; custom_margin_tablet=&#8220;||20px||false|false&#8220; custom_margin_phone=&#8220;15px||||false|false&#8220; custom_margin_last_edited=&#8220;on|phone&#8220; custom_css_main_element=&#8220;width:98%;&#8220; global_colors_info=&#8220;{}&#8220;][\/et_pb_button][\/et_pb_column][et_pb_column type=&#8220;1_4&#8243; _builder_version=&#8220;4.16&#8243; custom_padding=&#8220;|5px||5px|false|false&#8220; border_width_right=&#8220;1px&#8220; border_color_right=&#8220;#cccccc&#8220; global_colors_info=&#8220;{}&#8220; custom_padding__hover=&#8220;|||&#8220;][et_pb_text admin_label=&#8220;Text&#8220; _builder_version=&#8220;4.16&#8243; background_size=&#8220;initial&#8220; background_position=&#8220;top_left&#8220; background_repeat=&#8220;repeat&#8220; custom_padding=&#8220;||10px||false|false&#8220; global_colors_info=&#8220;{}&#8220;]<\/p>\n<h1><strong>Br\u00fcckenZ\u00e4hlen<br \/><\/strong><\/h1>\n<p>[\/et_pb_text][et_pb_image src=&#8220;http:\/\/segway-in-steyr.at\/sis\/wp-content\/uploads\/2020\/07\/MHM_gr.museumssteg-s18-203&#215;80-1.jpg&#8220; title_text=&#8220;MHM_gr.museumssteg-s18-203&#215;80&#8243; force_fullwidth=&#8220;on&#8220; _builder_version=&#8220;4.16&#8243; custom_margin=&#8220;||18px|||&#8220; global_colors_info=&#8220;{}&#8220;][\/et_pb_image][et_pb_text admin_label=&#8220;Text&#8220; _builder_version=&#8220;4.21.0&#8243; background_size=&#8220;initial&#8220; background_position=&#8220;top_left&#8220; background_repeat=&#8220;repeat&#8220; custom_margin=&#8220;0px||0px||false|false&#8220; custom_padding=&#8220;0px||0px||false|false&#8220; global_colors_info=&#8220;{}&#8220;]<\/p>\n<h4 class=\"mo_dpost_content\">Hat Steyr wirklich mehr Br\u00fccken als Venedig?<\/h4>\n<p>[\/et_pb_text][et_pb_text admin_label=&#8220;Text&#8220; _builder_version=&#8220;4.21.0&#8243; background_size=&#8220;initial&#8220; background_position=&#8220;top_left&#8220; background_repeat=&#8220;repeat&#8220; custom_margin=&#8220;0px||0px||false|false&#8220; custom_padding=&#8220;0px||0px||false|false&#8220; global_colors_info=&#8220;{}&#8220;]<\/p>\n<div class=\"mo_dpost_content\">\n<p class=\"01Lauftext\">Was macht eine 2-Fl\u00fcsse-Stadt aus? Rich\u00adtig: Br\u00fc\u00adcken! Und von denen gibts genug in Steyr. Gro\u00dfe, kleine, lange, kurze, viel Ver\u00adkehr, wenig Verkehr \u2026<\/p>\n<p class=\"01Lauftext\">Seit der Landesausstellung 2021 haben alle Br\u00fccken Informationstafeln.<\/p>\n<p class=\"01Lauftext\">\n<\/div>\n<div class=\"mo_dpost_content\"><\/div>\n<div class=\"mo_dpost_content\"><\/div>\n<p>[\/et_pb_text][et_pb_text _builder_version=&#8220;4.21.0&#8243; custom_margin=&#8220;15px||15px||false|false&#8220; custom_padding=&#8220;||25px||false|false&#8220; global_colors_info=&#8220;{}&#8220;]<\/p>\n<p><strong>Dauer: 3 Stunden<\/strong><br \/><strong>Level: leicht<\/strong><\/p>\n<h2 style=\"text-align: left;\">78,\u2013<\/h2>\n<p>[\/et_pb_text][et_pb_button button_url=&#8220;https:\/\/bookeo.com\/segwayinsteyr?type=221NNFWJU14BC1532231&#8243; url_new_window=&#8220;on&#8220; button_text=&#8220;online buchen&#8220; button_alignment=&#8220;center&#8220; _builder_version=&#8220;4.21.0&#8243; custom_button=&#8220;on&#8220; button_text_color=&#8220;#ffffff&#8220; button_bg_color=&#8220;#0a9534&#8243; button_border_width=&#8220;0px&#8220; button_border_radius=&#8220;10px&#8220; button_font=&#8220;||||||||&#8220; button_use_icon=&#8220;off&#8220; custom_margin=&#8220;35px||||false|false&#8220; custom_margin_tablet=&#8220;||20px||false|false&#8220; custom_margin_phone=&#8220;15px||||false|false&#8220; custom_margin_last_edited=&#8220;on|phone&#8220; custom_css_main_element=&#8220;width:98%;&#8220; global_colors_info=&#8220;{}&#8220;][\/et_pb_button][\/et_pb_column][\/et_pb_row][et_pb_row column_structure=&#8220;1_4,1_4,1_4,1_4&#8243; use_custom_gutter=&#8220;on&#8220; gutter_width=&#8220;1&#8243; make_equal=&#8220;on&#8220; admin_label=&#8220;row&#8220; module_class=&#8220;gq_r_fixed_buttons&#8220; _builder_version=&#8220;4.16&#8243; background_size=&#8220;initial&#8220; background_position=&#8220;top_left&#8220; background_repeat=&#8220;repeat&#8220; module_alignment=&#8220;center&#8220; custom_margin=&#8220;||20px||false|false&#8220; custom_padding=&#8220;0px|||||&#8220; global_colors_info=&#8220;{}&#8220;][et_pb_column type=&#8220;1_4&#8243; _builder_version=&#8220;4.16&#8243; custom_padding=&#8220;|5px||5px|false|false&#8220; border_width_right=&#8220;1px&#8220; border_color_right=&#8220;#cccccc&#8220; global_colors_info=&#8220;{}&#8220; custom_padding__hover=&#8220;|||&#8220;][et_pb_text admin_label=&#8220;Text&#8220; _builder_version=&#8220;4.16&#8243; background_size=&#8220;initial&#8220; background_position=&#8220;top_left&#8220; background_repeat=&#8220;repeat&#8220; custom_padding=&#8220;||10px||false|false&#8220; global_colors_info=&#8220;{}&#8220;]<\/p>\n<h1><strong>Rund\u00adu\u00adma\u00addum Steyr<\/strong><\/h1>\n<p>[\/et_pb_text][et_pb_image src=&#8220;https:\/\/segway-in-steyr.at\/sis\/wp-content\/uploads\/2020\/07\/MHM_prozession-203&#215;80-1.jpg&#8220; title_text=&#8220;MHM_prozession-203&#215;80&#8243; force_fullwidth=&#8220;on&#8220; _builder_version=&#8220;4.16&#8243; custom_margin=&#8220;||18px|||&#8220; global_colors_info=&#8220;{}&#8220;][\/et_pb_image][et_pb_text admin_label=&#8220;Text&#8220; _builder_version=&#8220;4.21.0&#8243; background_size=&#8220;initial&#8220; background_position=&#8220;top_left&#8220; background_repeat=&#8220;repeat&#8220; custom_margin=&#8220;0px||0px||false|false&#8220; custom_padding=&#8220;0px||0px||false|false&#8220; global_colors_info=&#8220;{}&#8220;]<\/p>\n<h4>Die Nord-Ost-Route<\/h4>\n<p>[\/et_pb_text][et_pb_text admin_label=&#8220;Text&#8220; _builder_version=&#8220;4.21.0&#8243; background_size=&#8220;initial&#8220; background_position=&#8220;top_left&#8220; background_repeat=&#8220;repeat&#8220; custom_margin=&#8220;0px||0px||false|false&#8220; custom_padding=&#8220;0px||0px||false|false&#8220; global_colors_info=&#8220;{}&#8220;]<\/p>\n<p class=\"01Lauftext\">Diese Route f\u00fchrt uns \u00fcber Gleink nach Dietach, entlang des neuen Fischaufstiegs in Staning zum Panoramaweg in Haidershofen und einer fr\u00f6hlichen Einkehr beim KIWIHAIHO (Kirchenwirt Haidershofen). Anschliessend durch das Naherholungsgebiet die Enns entlang retour zum Stadtplatz.<\/p>\n<p>[\/et_pb_text][et_pb_text _builder_version=&#8220;4.21.0&#8243; custom_margin=&#8220;15px||15px||false|false&#8220; custom_padding=&#8220;||25px||false|false&#8220; global_colors_info=&#8220;{}&#8220;]<\/p>\n<p><strong>Dauer: 4 Stunden<\/strong><br \/><strong>Level: mittel<\/strong><\/p>\n<h2 style=\"text-align: left;\">88,\u2013<\/h2>\n<p>[\/et_pb_text][et_pb_button button_url=&#8220;https:\/\/bookeo.com\/segwayinsteyr?type=221C6CETE14C0D14CAC3&#8243; url_new_window=&#8220;on&#8220; button_text=&#8220;online buchen&#8220; button_alignment=&#8220;center&#8220; _builder_version=&#8220;4.21.0&#8243; custom_button=&#8220;on&#8220; button_text_color=&#8220;#ffffff&#8220; button_bg_color=&#8220;#0a9534&#8243; button_border_width=&#8220;0px&#8220; button_border_radius=&#8220;10px&#8220; button_font=&#8220;||||||||&#8220; button_use_icon=&#8220;off&#8220; custom_margin=&#8220;35px||||false|false&#8220; custom_margin_tablet=&#8220;||20px||false|false&#8220; custom_margin_phone=&#8220;15px||||false|false&#8220; custom_margin_last_edited=&#8220;on|phone&#8220; custom_css_main_element=&#8220;width:98%;&#8220; global_colors_info=&#8220;{}&#8220;][\/et_pb_button][\/et_pb_column][et_pb_column type=&#8220;1_4&#8243; _builder_version=&#8220;4.16&#8243; custom_padding=&#8220;|5px||5px|false|false&#8220; border_width_right=&#8220;1px&#8220; border_color_right=&#8220;#cccccc&#8220; global_colors_info=&#8220;{}&#8220; custom_padding__hover=&#8220;|||&#8220;][et_pb_text admin_label=&#8220;Text&#8220; _builder_version=&#8220;4.21.0&#8243; background_size=&#8220;initial&#8220; background_position=&#8220;top_left&#8220; background_repeat=&#8220;repeat&#8220; custom_padding=&#8220;||10px||false|false&#8220; global_colors_info=&#8220;{}&#8220;]<\/p>\n<h1>MordsTour<\/h1>\n<p>[\/et_pb_text][et_pb_image src=&#8220;http:\/\/segway-in-steyr.at\/sis\/wp-content\/uploads\/2020\/07\/27341222814_70d936583b_k-203&#215;80-1.jpg&#8220; title_text=&#8220;27341222814_70d936583b_k-203&#215;80&#8243; force_fullwidth=&#8220;on&#8220; _builder_version=&#8220;4.16&#8243; custom_margin=&#8220;||18px|||&#8220; global_colors_info=&#8220;{}&#8220;][\/et_pb_image][et_pb_text admin_label=&#8220;Text&#8220; _builder_version=&#8220;4.21.0&#8243; background_size=&#8220;initial&#8220; background_position=&#8220;top_left&#8220; background_repeat=&#8220;repeat&#8220; custom_margin=&#8220;0px||0px||false|false&#8220; custom_padding=&#8220;0px||0px||false|false&#8220; global_colors_info=&#8220;{}&#8220;]<\/p>\n<h4>Jede Stadt hat ihre MordsGeschichten<\/h4>\n<p>[\/et_pb_text][et_pb_text admin_label=&#8220;Text&#8220; _builder_version=&#8220;4.21.0&#8243; background_size=&#8220;initial&#8220; background_position=&#8220;top_left&#8220; background_repeat=&#8220;repeat&#8220; custom_margin=&#8220;0px||0px||false|false&#8220; custom_padding=&#8220;0px||0px||false|false&#8220; global_colors_info=&#8220;{}&#8220;]<\/p>\n<div class=\"mo_dpost_content\">\n<p>Oder zumin\u00addest an den Gschich\u00adteln daran inter\u00ades\u00adsiert, den his\u00adto\u00adri\u00adschen. Oder wuss\u00adten Sie warum der Gr\u00fcn\u00admarkt so heisst? Wo im Mit\u00adtel\u00adal\u00adter der Scharf\u00adrich\u00adter sein Unwis\u00adsen trieb und wo das Gericht viele Jahre war? Wir schweben nicht nur zu den Orten von Justiz-Morden, son\u00addern auch zu sol\u00adchen von Seu\u00adchen und Plagen.\u00a0<\/p>\n<\/div>\n<p>[\/et_pb_text][et_pb_text _builder_version=&#8220;4.21.0&#8243; custom_margin=&#8220;15px||15px||false|false&#8220; custom_padding=&#8220;||25px||false|false&#8220; global_colors_info=&#8220;{}&#8220;]<\/p>\n<p><strong>Dauer: 3 Stunden<\/strong><br \/><strong>Level: leicht<\/strong><\/p>\n<h2 style=\"text-align: left;\">78,\u2013<\/h2>\n<p>[\/et_pb_text][et_pb_button button_url=&#8220;mailto:erlebnisse@segway-in-steyr.at?subject=ja%2C%20wir%20haben%20interesse%20an%20einem%20segway%20erlebnis,%20wir%20tragen%20nur%20das%20ein%20was%20wir%20wissen%20%3B)&#038;body=Datum%3A%0AUhrzeit:%0ATourvariante:%20Mordstour%0AAnzahl%20Teilnehmer:%0AWunschGuide%3A%0A%0Aganz%20liebe%20gr%C3%BCsse%20aus%3A%0A%0AHandynummer%3A&#8220; url_new_window=&#8220;on&#8220; button_text=&#8220;per email anfragen&#8220; button_alignment=&#8220;center&#8220; _builder_version=&#8220;4.21.0&#8243; custom_button=&#8220;on&#8220; button_text_color=&#8220;#ffffff&#8220; button_bg_color=&#8220;#0a9534&#8243; button_border_width=&#8220;0px&#8220; button_border_radius=&#8220;10px&#8220; button_font=&#8220;||||||||&#8220; button_use_icon=&#8220;off&#8220; custom_margin=&#8220;35px||||false|false&#8220; custom_margin_tablet=&#8220;||20px||false|false&#8220; custom_margin_phone=&#8220;15px||||false|false&#8220; custom_margin_last_edited=&#8220;on|phone&#8220; custom_css_main_element=&#8220;width:98%;&#8220; global_colors_info=&#8220;{}&#8220;][\/et_pb_button][\/et_pb_column][et_pb_column type=&#8220;1_4&#8243; _builder_version=&#8220;4.16&#8243; custom_padding=&#8220;|5px||5px|false|false&#8220; border_width_right=&#8220;1px&#8220; border_color_right=&#8220;#cccccc&#8220; global_colors_info=&#8220;{}&#8220; custom_padding__hover=&#8220;|||&#8220;][et_pb_text admin_label=&#8220;Text&#8220; _builder_version=&#8220;4.21.0&#8243; background_size=&#8220;initial&#8220; background_position=&#8220;top_left&#8220; background_repeat=&#8220;repeat&#8220; custom_padding=&#8220;||10px||false|false&#8220; global_colors_info=&#8220;{}&#8220;]<\/p>\n<h1>SunDowner<\/h1>\n<p>[\/et_pb_text][et_pb_image src=&#8220;https:\/\/segway-in-steyr.at\/sis\/wp-content\/uploads\/2020\/07\/34965613223_c3d5f9fdf5_z-203&#215;80-1.jpg&#8220; title_text=&#8220;34965613223_c3d5f9fdf5_z-203&#215;80&#8243; force_fullwidth=&#8220;on&#8220; _builder_version=&#8220;4.21.0&#8243; custom_margin=&#8220;||18px|||&#8220; global_colors_info=&#8220;{}&#8220;][\/et_pb_image][et_pb_text admin_label=&#8220;Text&#8220; _builder_version=&#8220;4.21.0&#8243; background_size=&#8220;initial&#8220; background_position=&#8220;top_left&#8220; background_repeat=&#8220;repeat&#8220; custom_margin=&#8220;0px||0px||false|false&#8220; custom_padding=&#8220;0px||0px||false|false&#8220; global_colors_info=&#8220;{}&#8220;]<\/p>\n<h4>noch nen Drink zu?<\/h4>\n<p>[\/et_pb_text][et_pb_text admin_label=&#8220;Text&#8220; _builder_version=&#8220;4.21.0&#8243; background_size=&#8220;initial&#8220; background_position=&#8220;top_left&#8220; background_repeat=&#8220;repeat&#8220; custom_margin=&#8220;0px||0px||false|false&#8220; custom_padding=&#8220;0px||0px||false|false&#8220; global_colors_info=&#8220;{}&#8220;]<\/p>\n<div class=\"mo_dpost_content\">\n<p>ein warmer Sonnenuntergang am Segway zu sinnvoller Uhrzeit, daher ist die TourZeit variabel nach Sonnenstand also Jahreszeit (wir haben da so eine Liste)<br \/>UND\u00a0anschliessend einen drink an einen der abendlichen BAR&#8217;s in Steyr<\/p>\n<\/div>\n<p>[\/et_pb_text][et_pb_text _builder_version=&#8220;4.21.0&#8243; custom_margin=&#8220;15px||15px||false|false&#8220; custom_padding=&#8220;||25px||false|false&#8220; global_colors_info=&#8220;{}&#8220;]<\/p>\n<p><strong>Dauer: ca. 2,5 Stunden<\/strong><br \/><strong>Level: leicht<\/strong><\/p>\n<h2 style=\"text-align: left;\">48,\u2013<\/h2>\n<p>[\/et_pb_text][et_pb_button button_url=&#8220;https:\/\/bookeo.com\/segwayinsteyr?type=2217M33AC17ED3F08A79&#8243; url_new_window=&#8220;on&#8220; button_text=&#8220;online buchen&#8220; button_alignment=&#8220;center&#8220; _builder_version=&#8220;4.21.0&#8243; custom_button=&#8220;on&#8220; button_text_color=&#8220;#ffffff&#8220; button_bg_color=&#8220;#0a9534&#8243; button_border_width=&#8220;0px&#8220; button_border_radius=&#8220;10px&#8220; button_font=&#8220;||||||||&#8220; button_use_icon=&#8220;off&#8220; custom_margin=&#8220;35px||||false|false&#8220; custom_margin_tablet=&#8220;||20px||false|false&#8220; custom_margin_phone=&#8220;15px||||false|false&#8220; custom_margin_last_edited=&#8220;on|phone&#8220; custom_css_main_element=&#8220;width:98%;&#8220; global_colors_info=&#8220;{}&#8220;][\/et_pb_button][\/et_pb_column][et_pb_column type=&#8220;1_4&#8243; _builder_version=&#8220;4.16&#8243; custom_padding=&#8220;|5px||5px|false|false&#8220; border_width_right=&#8220;1px&#8220; border_color_right=&#8220;#cccccc&#8220; global_colors_info=&#8220;{}&#8220; custom_padding__hover=&#8220;|||&#8220;][\/et_pb_column][\/et_pb_row][et_pb_row use_custom_gutter=&#8220;on&#8220; gutter_width=&#8220;1&#8243; make_equal=&#8220;on&#8220; admin_label=&#8220;row&#8220; module_class=&#8220;gq_r_fixed_buttons&#8220; _builder_version=&#8220;4.16&#8243; background_size=&#8220;initial&#8220; background_position=&#8220;top_left&#8220; background_repeat=&#8220;repeat&#8220; module_alignment=&#8220;center&#8220; custom_margin=&#8220;50px|auto|20px|auto|false|false&#8220; custom_padding=&#8220;0px|0px|0px|0px|false|false&#8220; global_colors_info=&#8220;{}&#8220;][et_pb_column type=&#8220;4_4&#8243; _builder_version=&#8220;4.16&#8243; custom_padding=&#8220;|5px||5px|false|false&#8220; border_color_right=&#8220;#cccccc&#8220; global_colors_info=&#8220;{}&#8220; custom_padding__hover=&#8220;|||&#8220;][et_pb_text admin_label=&#8220;Text&#8220; _builder_version=&#8220;4.21.0&#8243; background_size=&#8220;initial&#8220; background_position=&#8220;top_left&#8220; background_repeat=&#8220;repeat&#8220; custom_padding=&#8220;||0px||false|false&#8220; global_colors_info=&#8220;{}&#8220;]<\/p>\n<h1>GruppenSchwebeErlebnisse <\/h1>\n<p>[\/et_pb_text][et_pb_text _builder_version=&#8220;4.21.0&#8243; _module_preset=&#8220;default&#8220; global_colors_info=&#8220;{}&#8220;]<\/p>\n<h5>meist t\u00e4glich aber nur als geschlossene Gruppen buchbar.<\/h5>\n<p>[\/et_pb_text][\/et_pb_column][\/et_pb_row][et_pb_row column_structure=&#8220;1_4,1_4,1_4,1_4&#8243; use_custom_gutter=&#8220;on&#8220; gutter_width=&#8220;1&#8243; make_equal=&#8220;on&#8220; admin_label=&#8220;row&#8220; module_class=&#8220;gq_r_fixed_buttons&#8220; _builder_version=&#8220;4.21.0&#8243; background_size=&#8220;initial&#8220; background_position=&#8220;top_left&#8220; background_repeat=&#8220;repeat&#8220; module_alignment=&#8220;center&#8220; custom_margin=&#8220;||20px||false|false&#8220; custom_padding=&#8220;0px|0px||0px|false|false&#8220; global_colors_info=&#8220;{}&#8220;][et_pb_column type=&#8220;1_4&#8243; _builder_version=&#8220;4.16&#8243; custom_padding=&#8220;|5px||5px|false|false&#8220; border_width_right=&#8220;1px&#8220; border_color_right=&#8220;#cccccc&#8220; global_colors_info=&#8220;{}&#8220; custom_padding__hover=&#8220;|||&#8220;][et_pb_text admin_label=&#8220;Text&#8220; _builder_version=&#8220;4.21.0&#8243; background_size=&#8220;initial&#8220; background_position=&#8220;top_left&#8220; background_repeat=&#8220;repeat&#8220; custom_padding=&#8220;||10px||false|false&#8220; global_colors_info=&#8220;{}&#8220;]<\/p>\n<h1><strong>Fr\u00fchst\u00fccksTour<\/strong><\/h1>\n<p>[\/et_pb_text][et_pb_image src=&#8220;http:\/\/segway-in-steyr.at\/sis\/wp-content\/uploads\/2020\/07\/26228407780_efc0177630_k-203&#215;80-1.jpg&#8220; title_text=&#8220;26228407780_efc0177630_k-203&#215;80&#8243; force_fullwidth=&#8220;on&#8220; _builder_version=&#8220;4.16&#8243; custom_margin=&#8220;||18px|||&#8220; global_colors_info=&#8220;{}&#8220;][\/et_pb_image][et_pb_text admin_label=&#8220;Text&#8220; _builder_version=&#8220;4.21.0&#8243; background_size=&#8220;initial&#8220; background_position=&#8220;top_left&#8220; background_repeat=&#8220;repeat&#8220; custom_margin=&#8220;0px||0px||false|false&#8220; custom_padding=&#8220;0px||0px||false|false&#8220; global_colors_info=&#8220;{}&#8220;]<\/p>\n<h4>morgens, typischerweise<\/h4>\n<p>[\/et_pb_text][et_pb_text admin_label=&#8220;Text&#8220; _builder_version=&#8220;4.21.0&#8243; background_size=&#8220;initial&#8220; background_position=&#8220;top_left&#8220; background_repeat=&#8220;repeat&#8220; custom_margin=&#8220;0px||0px||false|false&#8220; custom_padding=&#8220;0px||0px||false|false&#8220; global_colors_info=&#8220;{}&#8220;]<\/p>\n<div class=\"mo_dpost_content\">\n<p>Diens\u00adtag bis Sonn\u00adtag schwe\u00adben wir mit Ihnen zum Fru\u0308hstu\u0308ck. Grup\u00adpen\u00adter\u00admine bitte anfra\u00adgen, Ter\u00admine fu\u0308r Ein\u00adzel\u00adbu\u00adchun\u00adgen fin\u00adden sie manchmal online. Ins M\u00fcnich\u00adholz oder die Unter\u00adhimm\u00adler Au.<\/p>\n<p><strong>Fido<\/strong> unser Wirt im Mu\u0308nichholz, Mittwoch bis Samstag<\/p>\n<p><strong>Cafe Draht\u00adzug<\/strong> in der Unter\u00adhimm\u00adler Au, Mittwoch bis Sonntag<\/p>\n<\/div>\n<p>[\/et_pb_text][et_pb_text _builder_version=&#8220;4.21.0&#8243; custom_margin=&#8220;15px||15px||false|false&#8220; custom_padding=&#8220;||25px||false|false&#8220; global_colors_info=&#8220;{}&#8220;]<\/p>\n<p><strong>Dauer: 3 Stunden<\/strong><br \/><strong>Level: leicht<\/strong><\/p>\n<h2 style=\"text-align: left;\">78,\u2013<\/h2>\n<p>[\/et_pb_text][et_pb_button button_url=&#8220;mailto:erlebnisse@segway-in-steyr.at?subject=ja%2C%20wir%20haben%20interesse%20an%20einem%20segway%20erlebnis,%20wir%20tragen%20nur%20das%20ein%20was%20wir%20wissen%20%3B)&#038;body=Datum%3A%0AUhrzeit:%0ATourvariante:%20Fr\u00fchst\u00fcckstour%0AAnzahl%20Teilnehmer:%0AWunschGuide%3A%0A%0Aganz%20liebe%20gr%C3%BCsse%20aus%3A%0A%0AHandynummer%3A&#8220; url_new_window=&#8220;on&#8220; button_text=&#8220;per email anfragen&#8220; button_alignment=&#8220;center&#8220; _builder_version=&#8220;4.21.0&#8243; custom_button=&#8220;on&#8220; button_text_color=&#8220;#ffffff&#8220; button_bg_color=&#8220;#0a9534&#8243; button_border_width=&#8220;0px&#8220; button_border_radius=&#8220;10px&#8220; button_font=&#8220;||||||||&#8220; button_use_icon=&#8220;off&#8220; custom_margin=&#8220;35px||||false|false&#8220; custom_margin_tablet=&#8220;||20px||false|false&#8220; custom_margin_phone=&#8220;15px||||false|false&#8220; custom_margin_last_edited=&#8220;on|phone&#8220; custom_css_main_element=&#8220;width:98%;&#8220; global_colors_info=&#8220;{}&#8220;][\/et_pb_button][\/et_pb_column][et_pb_column type=&#8220;1_4&#8243; _builder_version=&#8220;4.16&#8243; custom_padding=&#8220;|5px||5px|false|false&#8220; border_width_right=&#8220;1px&#8220; border_color_right=&#8220;#cccccc&#8220; global_colors_info=&#8220;{}&#8220; custom_padding__hover=&#8220;|||&#8220;][et_pb_text admin_label=&#8220;Text&#8220; _builder_version=&#8220;4.16&#8243; background_size=&#8220;initial&#8220; background_position=&#8220;top_left&#8220; background_repeat=&#8220;repeat&#8220; custom_padding=&#8220;||10px||false|false&#8220; global_colors_info=&#8220;{}&#8220;]<\/p>\n<h1>WirtsHausSchweben<\/h1>\n<p>[\/et_pb_text][et_pb_image src=&#8220;http:\/\/segway-in-steyr.at\/sis\/wp-content\/uploads\/2020\/07\/MHM_helmst\u00e4nder-img_0949-203&#215;80-1.jpg&#8220; title_text=&#8220;MHM_helmst\u00e4nder-img_0949-203&#215;80&#8243; force_fullwidth=&#8220;on&#8220; _builder_version=&#8220;4.16&#8243; custom_margin=&#8220;||18px|||&#8220; global_colors_info=&#8220;{}&#8220;][\/et_pb_image][et_pb_text admin_label=&#8220;Text&#8220; _builder_version=&#8220;4.21.0&#8243; background_size=&#8220;initial&#8220; background_position=&#8220;top_left&#8220; background_repeat=&#8220;repeat&#8220; custom_margin=&#8220;0px||0px||false|false&#8220; custom_padding=&#8220;0px||0px||false|false&#8220; global_colors_info=&#8220;{}&#8220;]<\/p>\n<h4>Die letzte Tour des Tages mit laaaaanger Einkehr<\/h4>\n<p>[\/et_pb_text][et_pb_text admin_label=&#8220;Text&#8220; _builder_version=&#8220;4.21.0&#8243; background_size=&#8220;initial&#8220; background_position=&#8220;top_left&#8220; background_repeat=&#8220;repeat&#8220; custom_margin=&#8220;0px||0px||false|false&#8220; custom_padding=&#8220;0px||0px||false|false&#8220; global_colors_info=&#8220;{}&#8220;]<\/p>\n<p>Sie suchen sich der Liste den Wir\u00adten f\u00fcrs Abend\u00ades\u00adsen aus (bitte die Ruhe\u00adtage beach\u00adten) und wir schwe\u00adben mit Ihnen dort\u00adhin \u2013 und zur\u00fcck. Die Wirts\u00adh\u00e4u\u00adser lie\u00adgen in unter\u00adschied\u00adli\u00adchen Ent\u00adfer\u00adnun\u00adgen rund um Steyr, die Tour dau\u00adert aber inklu\u00adsive Essen immer maxi\u00admal 6 Stunden<\/p>\n<p><strong>Spiel\u00adre\u00adgeln<\/strong><br \/>Letzte Tour des Tages \u2013 geg(s)essen\u200a\u200a wird so lange bis die Akkus f\u00fcr die R\u00fcck\u00adreise voll genug sind. Der Preis fix \u2013 das hei\u00dft: Open End.<\/p>\n<h6>T\u00e4glich buchbar ab 16:00 Uhr<\/h6>\n<p>[\/et_pb_text][et_pb_text _builder_version=&#8220;4.21.0&#8243; custom_margin=&#8220;15px||15px||false|false&#8220; custom_padding=&#8220;||25px||false|false&#8220; global_colors_info=&#8220;{}&#8220;]<\/p>\n<p><strong>Dauer: maximal 6 Stunden<\/strong><br \/><strong>Level: leicht<\/strong><\/p>\n<h2 style=\"text-align: left;\">98,\u2013<\/h2>\n<p>[\/et_pb_text][et_pb_button button_url=&#8220;mailto:erlebnisse@segway-in-steyr.at?subject=ja%2C%20wir%20haben%20interesse%20an%20einem%20segway%20erlebnis,%20wir%20tragen%20nur%20das%20ein%20was%20wir%20wissen%20%3B)&#038;body=Datum%3A%0AUhrzeit:%0ATourvariante:%20WirtshausSchweben%0AAnzahl%20Teilnehmer:%0AWunschGuide%3A%0A%0Aganz%20liebe%20gr%C3%BCsse%20aus%3A%0A%0AHandynummer%3A&#8220; url_new_window=&#8220;on&#8220; button_text=&#8220;per email anfragen&#8220; button_alignment=&#8220;center&#8220; _builder_version=&#8220;4.21.0&#8243; custom_button=&#8220;on&#8220; button_text_color=&#8220;#ffffff&#8220; button_bg_color=&#8220;#0a9534&#8243; button_border_width=&#8220;0px&#8220; button_border_radius=&#8220;10px&#8220; button_font=&#8220;||||||||&#8220; button_use_icon=&#8220;off&#8220; custom_margin=&#8220;35px||||false|false&#8220; custom_margin_tablet=&#8220;||20px||false|false&#8220; custom_margin_phone=&#8220;15px||||false|false&#8220; custom_margin_last_edited=&#8220;on|phone&#8220; custom_css_main_element=&#8220;width:98%;&#8220; global_colors_info=&#8220;{}&#8220;][\/et_pb_button][\/et_pb_column][et_pb_column type=&#8220;1_4&#8243; _builder_version=&#8220;4.16&#8243; custom_padding=&#8220;|5px||5px|false|false&#8220; border_width_right=&#8220;1px&#8220; border_color_right=&#8220;#cccccc&#8220; global_colors_info=&#8220;{}&#8220; custom_padding__hover=&#8220;|||&#8220;][et_pb_text admin_label=&#8220;Text&#8220; _builder_version=&#8220;4.16&#8243; background_size=&#8220;initial&#8220; background_position=&#8220;top_left&#8220; background_repeat=&#8220;repeat&#8220; custom_padding=&#8220;||10px||false|false&#8220; global_colors_info=&#8220;{}&#8220;]<\/p>\n<h1>HappyHourGlide<\/h1>\n<p>[\/et_pb_text][et_pb_image src=&#8220;https:\/\/segway-in-steyr.at\/sis\/wp-content\/uploads\/2020\/07\/MHM_br\u00fcckner-wagen-203&#215;80-1.jpg&#8220; title_text=&#8220;MHM_br\u00fcckner-wagen-203&#215;80&#8243; force_fullwidth=&#8220;on&#8220; _builder_version=&#8220;4.16&#8243; custom_margin=&#8220;||18px|||&#8220; global_colors_info=&#8220;{}&#8220;][\/et_pb_image][et_pb_text admin_label=&#8220;Text&#8220; _builder_version=&#8220;4.21.0&#8243; background_size=&#8220;initial&#8220; background_position=&#8220;top_left&#8220; background_repeat=&#8220;repeat&#8220; custom_margin=&#8220;0px||0px||false|false&#8220; custom_padding=&#8220;0px||0px||false|false&#8220; global_colors_info=&#8220;{}&#8220;]<\/p>\n<h4>Optimal f\u00fcr kleine Firmenevents nach der Arbeit<\/h4>\n<p>[\/et_pb_text][et_pb_text admin_label=&#8220;Text&#8220; _builder_version=&#8220;4.21.0&#8243; background_size=&#8220;initial&#8220; background_position=&#8220;top_left&#8220; background_repeat=&#8220;repeat&#8220; custom_margin=&#8220;0px||0px||false|false&#8220; custom_padding=&#8220;0px||0px||false|false&#8220; global_colors_info=&#8220;{}&#8220;]<\/p>\n<p>2,5h schweben mit Kolleginnen und Kollegen und fix im Programm:<br \/>* S\u00fcsse Pause mit Kaffee<br \/>* Stand-up Jausn beim Schwechaterhof<\/p>\n<p>Wer will bleibt die ganze Zeit am Segway, beide Pausen sind ohne Absteigen m\u00f6glich.<br \/>Konsumation ist im Preis inbegriffen.<\/p>\n<h6>t\u00e4glich ausser Montags<\/h6>\n<p>[\/et_pb_text][et_pb_text _builder_version=&#8220;4.21.0&#8243; custom_margin=&#8220;15px||15px||false|false&#8220; custom_padding=&#8220;||25px||false|false&#8220; global_colors_info=&#8220;{}&#8220;]<\/p>\n<p><strong>Dauer: 2,5 Stunden<\/strong><br \/><strong>Level: einfach<\/strong><\/p>\n<h2>95,\u2013<\/h2>\n<p>[\/et_pb_text][et_pb_button button_url=&#8220;mailto:erlebnisse@segway-in-steyr.at?subject=ja%2C%20wir%20haben%20interesse%20an%20einem%20segway%20erlebnis,%20wir%20tragen%20nur%20das%20ein%20was%20wir%20wissen%20%3B)&#038;body=Datum%3A%0AUhrzeit:%0ATourvariante:%20HappyHourGlide%0AAnzahl%20Teilnehmer:%0AWunschGuide%3A%0A%0Aganz%20liebe%20gr%C3%BCsse%20aus%3A%0A%0AHandynummer%3A&#8220; url_new_window=&#8220;on&#8220; button_text=&#8220;per email anfragen&#8220; button_alignment=&#8220;center&#8220; _builder_version=&#8220;4.21.0&#8243; custom_button=&#8220;on&#8220; button_text_color=&#8220;#ffffff&#8220; button_bg_color=&#8220;#0a9534&#8243; button_border_width=&#8220;0px&#8220; button_border_radius=&#8220;10px&#8220; button_font=&#8220;||||||||&#8220; button_use_icon=&#8220;off&#8220; custom_margin=&#8220;35px||||false|false&#8220; custom_margin_tablet=&#8220;||20px||false|false&#8220; custom_margin_phone=&#8220;15px||||false|false&#8220; custom_margin_last_edited=&#8220;on|phone&#8220; custom_css_main_element=&#8220;width:98%;&#8220; global_colors_info=&#8220;{}&#8220;][\/et_pb_button][\/et_pb_column][et_pb_column type=&#8220;1_4&#8243; _builder_version=&#8220;4.16&#8243; custom_padding=&#8220;|5px||5px|false|false&#8220; border_width_right=&#8220;1px&#8220; border_color_right=&#8220;#cccccc&#8220; global_colors_info=&#8220;{}&#8220; custom_padding__hover=&#8220;|||&#8220;][et_pb_text admin_label=&#8220;Text&#8220; _builder_version=&#8220;4.16&#8243; background_size=&#8220;initial&#8220; background_position=&#8220;top_left&#8220; background_repeat=&#8220;repeat&#8220; custom_padding=&#8220;||10px||false|false&#8220; global_colors_info=&#8220;{}&#8220;]<\/p>\n<h1>FeierAbendTour<\/h1>\n<p>[\/et_pb_text][et_pb_image src=&#8220;https:\/\/segway-in-steyr.at\/sis\/wp-content\/uploads\/2024\/12\/P1000738-2-e1734194161803.jpg&#8220; title_text=&#8220;P1000738 2&#8243; force_fullwidth=&#8220;on&#8220; _builder_version=&#8220;4.21.0&#8243; custom_margin=&#8220;||18px|||&#8220; global_colors_info=&#8220;{}&#8220;][\/et_pb_image][et_pb_text admin_label=&#8220;Text&#8220; _builder_version=&#8220;4.21.0&#8243; background_size=&#8220;initial&#8220; background_position=&#8220;top_left&#8220; background_repeat=&#8220;repeat&#8220; custom_margin=&#8220;0px||0px||false|false&#8220; custom_padding=&#8220;0px||0px||false|false&#8220; global_colors_info=&#8220;{}&#8220;]<\/p>\n<h4>abends, typischerweise<\/h4>\n<p>[\/et_pb_text][et_pb_text admin_label=&#8220;Text&#8220; _builder_version=&#8220;4.27.5&#8243; background_size=&#8220;initial&#8220; background_position=&#8220;top_left&#8220; background_repeat=&#8220;repeat&#8220; custom_margin=&#8220;0px||0px||false|false&#8220; custom_padding=&#8220;0px||0px||false|false&#8220; global_colors_info=&#8220;{}&#8220;]<\/p>\n<p>Nach dem Arbeits\u00adtag die Kol\u00adle\u00adgin\u00adnen und Kol\u00adle\u00adgen schnap\u00adpen und eine Runde schwe\u00adben gehen. Fixe Strecke mit Einkehr zu unserem Schwebe-Partner-Lokal.<\/p>\n<p><span style=\"font-size: 13px;\">Das ist die opti\u00admale Tour nach einem anstren\u00adgen\u00adden Arbeitstag.<\/span><\/p>\n<p>[\/et_pb_text][et_pb_text _builder_version=&#8220;4.21.0&#8243; custom_margin=&#8220;15px||15px||false|false&#8220; custom_padding=&#8220;||25px||false|false&#8220; global_colors_info=&#8220;{}&#8220;]<\/p>\n<p><strong>Dauer: 3 Stunden<\/strong><br \/><strong>Level: leicht<\/strong><\/p>\n<h2 style=\"text-align: left;\">78,\u2013<\/h2>\n<p>[\/et_pb_text][et_pb_button button_url=&#8220;mailto:erlebnisse@segway-in-steyr.at?subject=ja%2C%20wir%20haben%20interesse%20an%20einem%20segway%20erlebnis,%20wir%20tragen%20nur%20das%20ein%20was%20wir%20wissen%20%3B)&#038;body=Datum%3A%0AUhrzeit:%0ATourvariante:%20FeierAbendTour%0AAnzahl%20Teilnehmer:%0AWunschGuide%3A%0A%0Aganz%20liebe%20gr%C3%BCsse%20aus%3A%0A%0AHandynummer%3A&#8220; url_new_window=&#8220;on&#8220; button_text=&#8220;per email anfragen&#8220; button_alignment=&#8220;center&#8220; _builder_version=&#8220;4.21.0&#8243; custom_button=&#8220;on&#8220; button_text_color=&#8220;#ffffff&#8220; button_bg_color=&#8220;#0a9534&#8243; button_border_width=&#8220;0px&#8220; button_border_radius=&#8220;10px&#8220; button_font=&#8220;||||||||&#8220; button_use_icon=&#8220;off&#8220; custom_margin=&#8220;35px||||false|false&#8220; custom_margin_tablet=&#8220;||20px||false|false&#8220; custom_margin_phone=&#8220;15px||||false|false&#8220; custom_margin_last_edited=&#8220;on|phone&#8220; custom_css_main_element=&#8220;width:98%;&#8220; global_colors_info=&#8220;{}&#8220;][\/et_pb_button][\/et_pb_column][\/et_pb_row][et_pb_row use_custom_gutter=&#8220;on&#8220; gutter_width=&#8220;1&#8243; make_equal=&#8220;on&#8220; admin_label=&#8220;row&#8220; module_class=&#8220;gq_r_fixed_buttons&#8220; _builder_version=&#8220;4.16&#8243; background_size=&#8220;initial&#8220; background_position=&#8220;top_left&#8220; background_repeat=&#8220;repeat&#8220; module_alignment=&#8220;center&#8220; custom_margin=&#8220;50px|auto|20px|auto|false|false&#8220; custom_padding=&#8220;0px|0px|0px|0px|false|false&#8220; global_colors_info=&#8220;{}&#8220;][et_pb_column type=&#8220;4_4&#8243; _builder_version=&#8220;4.16&#8243; custom_padding=&#8220;|5px||5px|false|false&#8220; border_color_right=&#8220;#cccccc&#8220; global_colors_info=&#8220;{}&#8220; custom_padding__hover=&#8220;|||&#8220;][et_pb_text admin_label=&#8220;Text&#8220; _builder_version=&#8220;4.21.0&#8243; background_size=&#8220;initial&#8220; background_position=&#8220;top_left&#8220; background_repeat=&#8220;repeat&#8220; custom_padding=&#8220;||0px||false|false&#8220; global_colors_info=&#8220;{}&#8220;]<\/p>\n<h1>Schweben und Steyrtalbahn<\/h1>\n<p>[\/et_pb_text][et_pb_text _builder_version=&#8220;4.21.0&#8243; _module_preset=&#8220;default&#8220; global_colors_info=&#8220;{}&#8220;]<\/p>\n<h5>Quer durchs Jahr. Nur wenige Termine! Und nur wenn auch die Steyrtalbahn unterwegs ist<\/h5>\n<p>[\/et_pb_text][\/et_pb_column][\/et_pb_row][et_pb_row column_structure=&#8220;1_4,1_4,1_4,1_4&#8243; use_custom_gutter=&#8220;on&#8220; gutter_width=&#8220;1&#8243; make_equal=&#8220;on&#8220; admin_label=&#8220;row&#8220; module_class=&#8220;gq_r_fixed_buttons&#8220; _builder_version=&#8220;4.16&#8243; background_size=&#8220;initial&#8220; background_position=&#8220;top_left&#8220; background_repeat=&#8220;repeat&#8220; module_alignment=&#8220;center&#8220; custom_margin=&#8220;||20px||false|false&#8220; custom_padding=&#8220;0px|||||&#8220; global_colors_info=&#8220;{}&#8220;][et_pb_column type=&#8220;1_4&#8243; _builder_version=&#8220;4.16&#8243; custom_padding=&#8220;|5px||5px|false|false&#8220; border_width_right=&#8220;1px&#8220; border_color_right=&#8220;#cccccc&#8220; global_colors_info=&#8220;{}&#8220; custom_padding__hover=&#8220;|||&#8220;][et_pb_text admin_label=&#8220;Text&#8220; _builder_version=&#8220;4.21.0&#8243; background_size=&#8220;initial&#8220; background_position=&#8220;top_left&#8220; background_repeat=&#8220;repeat&#8220; custom_padding=&#8220;||10px||false|false&#8220; global_colors_info=&#8220;{}&#8220;]<\/p>\n<h1>DampfSchweben<\/h1>\n<p>[\/et_pb_text][et_pb_image src=&#8220;http:\/\/segway-in-steyr.at\/sis\/wp-content\/uploads\/2020\/07\/27033459194_9cafb1b029_k-203&#215;80-1.jpg&#8220; title_text=&#8220;27033459194_9cafb1b029_k-203&#215;80&#8243; force_fullwidth=&#8220;on&#8220; _builder_version=&#8220;4.16&#8243; custom_margin=&#8220;||18px|||&#8220; global_colors_info=&#8220;{}&#8220;][\/et_pb_image][et_pb_text admin_label=&#8220;Text&#8220; _builder_version=&#8220;4.21.0&#8243; background_size=&#8220;initial&#8220; background_position=&#8220;top_left&#8220; background_repeat=&#8220;repeat&#8220; custom_margin=&#8220;0px||0px||false|false&#8220; custom_padding=&#8220;0px||0px||false|false&#8220; global_colors_info=&#8220;{}&#8220;]<\/p>\n<h4>cooles KombiSchweben<\/h4>\n<p>[\/et_pb_text][et_pb_text admin_label=&#8220;Text&#8220; _builder_version=&#8220;4.21.0&#8243; background_size=&#8220;initial&#8220; background_position=&#8220;top_left&#8220; background_repeat=&#8220;repeat&#8220; custom_margin=&#8220;0px||0px||false|false&#8220; custom_padding=&#8220;0px||0px||false|false&#8220; global_colors_info=&#8220;{}&#8220;]<\/p>\n<p>Mit der Steyrtalbahn bis Gr\u00fcnburg, unter Dampf nat\u00fcrlich. Die andere Strecke mit dem Segway zur\u00fcck.<br \/>Nur an wenigen Samstagen und Sonntagen, keine extra Termine moglich.<br \/>Die Bahnfahrt ist im Preis inkludiert (Ausser bei Jahreskarten und 1+1 Gutscheinen)<\/p>\n<p>[\/et_pb_text][et_pb_text _builder_version=&#8220;4.21.0&#8243; custom_margin=&#8220;15px||15px||false|false&#8220; custom_padding=&#8220;||25px||false|false&#8220; global_colors_info=&#8220;{}&#8220;]<\/p>\n<p><strong>Dauer: 5 Stunden<\/strong><br \/><strong>Level: mittel<\/strong><\/p>\n<h2>je 99,\u2013<\/h2>\n<p>[\/et_pb_text][et_pb_button button_url=&#8220;https:\/\/bookeo.com\/segwayinsteyr?type=2217ENRJ418E148D812D&#8220; url_new_window=&#8220;on&#8220; button_text=&#8220;online buchen&#8220; button_alignment=&#8220;center&#8220; _builder_version=&#8220;4.21.0&#8243; custom_button=&#8220;on&#8220; button_text_color=&#8220;#ffffff&#8220; button_bg_color=&#8220;#0a9534&#8243; button_border_width=&#8220;0px&#8220; button_border_radius=&#8220;10px&#8220; button_font=&#8220;||||||||&#8220; button_use_icon=&#8220;off&#8220; custom_margin=&#8220;35px||||false|false&#8220; custom_margin_tablet=&#8220;||20px||false|false&#8220; custom_margin_phone=&#8220;15px||||false|false&#8220; custom_margin_last_edited=&#8220;on|phone&#8220; custom_css_main_element=&#8220;width:98%;&#8220; global_colors_info=&#8220;{}&#8220;][\/et_pb_button][\/et_pb_column][et_pb_column type=&#8220;1_4&#8243; _builder_version=&#8220;4.16&#8243; custom_padding=&#8220;|5px||5px|false|false&#8220; border_width_right=&#8220;1px&#8220; border_color_right=&#8220;#cccccc&#8220; global_colors_info=&#8220;{}&#8220; custom_padding__hover=&#8220;|||&#8220;][et_pb_text admin_label=&#8220;Text&#8220; _builder_version=&#8220;4.16&#8243; background_size=&#8220;initial&#8220; background_position=&#8220;top_left&#8220; background_repeat=&#8220;repeat&#8220; custom_padding=&#8220;||10px||false|false&#8220; global_colors_info=&#8220;{}&#8220;]<\/p>\n<h1>Auf den Spuren&#8230;<\/h1>\n<p>[\/et_pb_text][et_pb_image src=&#8220;http:\/\/segway-in-steyr.at\/sis\/wp-content\/uploads\/2020\/07\/NPK_Logo-e1593630653904.jpg&#8220; title_text=&#8220;NPK_Logo&#8220; force_fullwidth=&#8220;on&#8220; _builder_version=&#8220;4.16&#8243; custom_margin=&#8220;||18px|||&#8220; global_colors_info=&#8220;{}&#8220;][\/et_pb_image][et_pb_text admin_label=&#8220;Text&#8220; _builder_version=&#8220;4.21.0&#8243; background_size=&#8220;initial&#8220; background_position=&#8220;top_left&#8220; background_repeat=&#8220;repeat&#8220; custom_margin=&#8220;0px||0px||false|false&#8220; custom_padding=&#8220;0px||0px||false|false&#8220; global_colors_info=&#8220;{}&#8220;]<\/p>\n<h4>woher waren nochmals die Sengsen?<\/h4>\n<p>[\/et_pb_text][et_pb_text admin_label=&#8220;Text&#8220; _builder_version=&#8220;4.21.0&#8243; background_size=&#8220;initial&#8220; background_position=&#8220;top_left&#8220; background_repeat=&#8220;repeat&#8220; custom_margin=&#8220;0px||0px||false|false&#8220; custom_padding=&#8220;0px||0px||false|false&#8220; global_colors_info=&#8220;{}&#8220;]<\/p>\n<p>Wir bege\u00adben uns f\u00fcr einen Tag mit dem Seg\u00adway ins Steyr\u00adtal. Ein\u00adschu\u00adlung und Abfahrt um 9 Uhr und um 10 Uhr mit der Steyr\u00adtal\u00adbahn bis nach Gr\u00fcn\u00adburg. Dann am bes\u00adtens aus\u00adge\u00adbau\u00adten Steyrtal-Radweg des Steyr entlang flussaufw\u00e4rts.<br \/>Nach Besichtigung der Aus\u00adstel\u00adlung in der Schmid\u00adlei\u00adt\u00adhen und einem z\u00fcnf\u00adti\u00adgen Mit\u00adtag\u00ades\u00adsen in einem der loka\u00adlen Gast\u00adh\u00f6fe gehts weiter nach Molln und von dort wie\u00adder fluss\u00adab\u00adw\u00e4rts nach Gr\u00fcn\u00adburg \u2013 und um 17 Uhr neh\u00admen wir wie\u00adder die Bahn zur\u00fcck nach Steyr.<\/p>\n<p>[\/et_pb_text][et_pb_text _builder_version=&#8220;4.21.0&#8243; custom_margin=&#8220;15px||15px||false|false&#8220; custom_padding=&#8220;||25px||false|false&#8220; global_colors_info=&#8220;{}&#8220;]<\/p>\n<p><strong>Dauer: 9 Stunden<\/strong><br \/><strong>Level: zach<\/strong><\/p>\n<h2>178,\u2013<\/h2>\n<p>[\/et_pb_text][et_pb_button button_url=&#8220;https:\/\/bookeo.com\/segwayinsteyr?type=221TW9PEH13D65C4BD6B&#8220; url_new_window=&#8220;on&#8220; button_text=&#8220;online buchen&#8220; button_alignment=&#8220;center&#8220; _builder_version=&#8220;4.21.0&#8243; custom_button=&#8220;on&#8220; button_text_color=&#8220;#ffffff&#8220; button_bg_color=&#8220;#0a9534&#8243; button_border_width=&#8220;0px&#8220; button_border_radius=&#8220;10px&#8220; button_font=&#8220;||||||||&#8220; button_use_icon=&#8220;off&#8220; custom_margin=&#8220;35px||||false|false&#8220; custom_margin_tablet=&#8220;||20px||false|false&#8220; custom_margin_phone=&#8220;15px||||false|false&#8220; custom_margin_last_edited=&#8220;on|phone&#8220; custom_css_main_element=&#8220;width:98%;&#8220; global_colors_info=&#8220;{}&#8220;][\/et_pb_button][\/et_pb_column][et_pb_column type=&#8220;1_4&#8243; _builder_version=&#8220;4.16&#8243; custom_padding=&#8220;|5px||5px|false|false&#8220; border_width_right=&#8220;1px&#8220; border_color_right=&#8220;#cccccc&#8220; global_colors_info=&#8220;{}&#8220; custom_padding__hover=&#8220;|||&#8220;][et_pb_text admin_label=&#8220;Text&#8220; _builder_version=&#8220;4.21.0&#8243; background_size=&#8220;initial&#8220; background_position=&#8220;top_left&#8220; background_repeat=&#8220;repeat&#8220; custom_padding=&#8220;||10px||false|false&#8220; global_colors_info=&#8220;{}&#8220;]<\/p>\n<h1>DampfMostSchweben<\/h1>\n<p>[\/et_pb_text][et_pb_image src=&#8220;https:\/\/segway-in-steyr.at\/sis\/wp-content\/uploads\/2024\/12\/IMG_4336-2-e1734194511130.jpeg&#8220; title_text=&#8220;IMG_4336 2&#8243; force_fullwidth=&#8220;on&#8220; _builder_version=&#8220;4.21.0&#8243; custom_margin=&#8220;||18px|||&#8220; global_colors_info=&#8220;{}&#8220;][\/et_pb_image][et_pb_text admin_label=&#8220;Text&#8220; _builder_version=&#8220;4.21.0&#8243; background_size=&#8220;initial&#8220; background_position=&#8220;top_left&#8220; background_repeat=&#8220;repeat&#8220; custom_margin=&#8220;0px||0px||false|false&#8220; custom_padding=&#8220;0px||0px||false|false&#8220; global_colors_info=&#8220;{}&#8220;]<\/p>\n<h4>Ganz wenig Stadt, ganz viel Land<\/h4>\n<p>[\/et_pb_text][et_pb_text admin_label=&#8220;Text&#8220; _builder_version=&#8220;4.21.0&#8243; background_size=&#8220;initial&#8220; background_position=&#8220;top_left&#8220; background_repeat=&#8220;repeat&#8220; custom_margin=&#8220;0px||0px||false|false&#8220; custom_padding=&#8220;0px||0px||false|false&#8220; global_colors_info=&#8220;{}&#8220;]<\/p>\n<p>Mit der Steyrtalbahn bis Gr\u00fcnburg, unter Dampf nat\u00fcrlich. Die andere Strecke mit dem Segway zur\u00fcck. Unterwegs St\u00e4rkung bei einem MostHeurigen oder anderem Gastronomibetrieb (Termin-Abh\u00e4ngig)<br \/>Nur an wenigen Samstagen und Sonntagen, keine extra Termine moglich.<br \/>Die Bahnfahrt ist im Preis inkludiert (Ausser bei Jahreskarten und 1+1 Gutscheinen)<\/p>\n<p>[\/et_pb_text][et_pb_text _builder_version=&#8220;4.21.0&#8243; custom_margin=&#8220;15px||15px||false|false&#8220; custom_padding=&#8220;||25px||false|false&#8220; global_colors_info=&#8220;{}&#8220;]<\/p>\n<p><strong>Dauer: 6 Stunden<\/strong><br \/><strong>Level: mittel<\/strong><\/p>\n<h2>je 99,\u2013<\/h2>\n<p>[\/et_pb_text][et_pb_button button_url=&#8220;https:\/\/bookeo.com\/segwayinsteyr?type=2214JWKT618E14A7CA7F&#8220; url_new_window=&#8220;on&#8220; button_text=&#8220;online buchen&#8220; button_alignment=&#8220;center&#8220; _builder_version=&#8220;4.21.0&#8243; custom_button=&#8220;on&#8220; button_text_color=&#8220;#ffffff&#8220; button_bg_color=&#8220;#0a9534&#8243; button_border_width=&#8220;0px&#8220; button_border_radius=&#8220;10px&#8220; button_font=&#8220;||||||||&#8220; button_use_icon=&#8220;off&#8220; custom_margin=&#8220;35px||||false|false&#8220; custom_margin_tablet=&#8220;||20px||false|false&#8220; custom_margin_phone=&#8220;15px||||false|false&#8220; custom_margin_last_edited=&#8220;on|phone&#8220; custom_css_main_element=&#8220;width:98%;&#8220; global_colors_info=&#8220;{}&#8220;][\/et_pb_button][\/et_pb_column][et_pb_column type=&#8220;1_4&#8243; _builder_version=&#8220;4.16&#8243; custom_padding=&#8220;|5px||5px|false|false&#8220; border_width_right=&#8220;1px&#8220; border_color_right=&#8220;#cccccc&#8220; global_colors_info=&#8220;{}&#8220; custom_padding__hover=&#8220;|||&#8220;][\/et_pb_column][\/et_pb_row][et_pb_row use_custom_gutter=&#8220;on&#8220; gutter_width=&#8220;1&#8243; make_equal=&#8220;on&#8220; admin_label=&#8220;row&#8220; module_class=&#8220;gq_r_fixed_buttons&#8220; _builder_version=&#8220;4.16&#8243; background_size=&#8220;initial&#8220; background_position=&#8220;top_left&#8220; background_repeat=&#8220;repeat&#8220; module_alignment=&#8220;center&#8220; custom_margin=&#8220;50px|auto|20px|auto|false|false&#8220; custom_padding=&#8220;0px|0px|0px|0px|false|false&#8220; global_colors_info=&#8220;{}&#8220;][et_pb_column type=&#8220;4_4&#8243; _builder_version=&#8220;4.16&#8243; custom_padding=&#8220;|5px||5px|false|false&#8220; border_color_right=&#8220;#cccccc&#8220; global_colors_info=&#8220;{}&#8220; custom_padding__hover=&#8220;|||&#8220;][et_pb_text admin_label=&#8220;Text&#8220; _builder_version=&#8220;4.16&#8243; background_size=&#8220;initial&#8220; background_position=&#8220;top_left&#8220; background_repeat=&#8220;repeat&#8220; custom_padding=&#8220;||0px||false|false&#8220; global_colors_info=&#8220;{}&#8220;]<\/p>\n<h1>weitere Schwebe-Erlebnisse<\/h1>\n<p>[\/et_pb_text][et_pb_text _builder_version=&#8220;4.16&#8243; _module_preset=&#8220;default&#8220; global_colors_info=&#8220;{}&#8220;]<\/p>\n<h5>Taglich buchbar. Einzeln und als geschlossene Gruppen buchbar.\u00a0<\/h5>\n<p>[\/et_pb_text][\/et_pb_column][\/et_pb_row][et_pb_row use_custom_gutter=&#8220;on&#8220; gutter_width=&#8220;1&#8243; make_equal=&#8220;on&#8220; admin_label=&#8220;row&#8220; module_class=&#8220;gq_r_fixed_buttons&#8220; _builder_version=&#8220;4.16&#8243; background_color=&#8220;#F07C00&#8243; background_size=&#8220;initial&#8220; background_position=&#8220;top_left&#8220; background_repeat=&#8220;repeat&#8220; module_alignment=&#8220;center&#8220; custom_margin=&#8220;|auto|0px|auto|false|false&#8220; custom_padding=&#8220;0px|0px|0px|0px|false|false&#8220; global_colors_info=&#8220;{}&#8220;][et_pb_column type=&#8220;4_4&#8243; _builder_version=&#8220;4.16&#8243; custom_padding=&#8220;|5px||5px|false|false&#8220; border_color_right=&#8220;#cccccc&#8220; global_colors_info=&#8220;{}&#8220; custom_padding__hover=&#8220;|||&#8220;][et_pb_image src=&#8220;http:\/\/segway-in-steyr.at\/sis\/wp-content\/uploads\/2021\/04\/MHM_schriftzug.png&#8220; title_text=&#8220;MHM_schriftzug&#8220; align=&#8220;center&#8220; _builder_version=&#8220;4.16&#8243; _module_preset=&#8220;default&#8220; custom_margin=&#8220;||-20px||false|false&#8220; custom_padding=&#8220;0px||0px||false|false&#8220; global_colors_info=&#8220;{}&#8220;][\/et_pb_image][\/et_pb_column][\/et_pb_row][et_pb_row use_custom_gutter=&#8220;on&#8220; gutter_width=&#8220;1&#8243; make_equal=&#8220;on&#8220; admin_label=&#8220;row&#8220; module_class=&#8220;gq_r_fixed_buttons&#8220; _builder_version=&#8220;4.16&#8243; background_size=&#8220;initial&#8220; background_position=&#8220;top_left&#8220; background_repeat=&#8220;repeat&#8220; module_alignment=&#8220;center&#8220; custom_margin=&#8220;50px|auto|20px|auto|false|false&#8220; custom_padding=&#8220;0px|0px|0px|0px|false|false&#8220; global_colors_info=&#8220;{}&#8220;][et_pb_column type=&#8220;4_4&#8243; _builder_version=&#8220;4.16&#8243; custom_padding=&#8220;|5px||5px|false|false&#8220; border_color_right=&#8220;#cccccc&#8220; global_colors_info=&#8220;{}&#8220; custom_padding__hover=&#8220;|||&#8220;][et_pb_text admin_label=&#8220;Text&#8220; _builder_version=&#8220;4.16&#8243; background_size=&#8220;initial&#8220; background_position=&#8220;top_left&#8220; background_repeat=&#8220;repeat&#8220; custom_padding=&#8220;||0px||false|false&#8220; global_colors_info=&#8220;{}&#8220;]<\/p>\n<h1>&#8222;all you can schweb&#8220; Erlebnis<\/h1>\n<p>[\/et_pb_text][et_pb_text _builder_version=&#8220;4.21.0&#8243; _module_preset=&#8220;default&#8220; global_colors_info=&#8220;{}&#8220;]<\/p>\n<h5>Taglich buchbar. Nur fur geschlossene Gruppen. Anf\u00e4nger, Fortgeschrittene und mixed<\/h5>\n<p>[\/et_pb_text][\/et_pb_column][\/et_pb_row][et_pb_row column_structure=&#8220;1_4,1_4,1_4,1_4&#8243; use_custom_gutter=&#8220;on&#8220; gutter_width=&#8220;1&#8243; make_equal=&#8220;on&#8220; admin_label=&#8220;row&#8220; _builder_version=&#8220;4.16&#8243; background_size=&#8220;initial&#8220; background_position=&#8220;top_left&#8220; background_repeat=&#8220;repeat&#8220; module_alignment=&#8220;center&#8220; custom_margin=&#8220;||20px||false|false&#8220; custom_padding=&#8220;0px|0px|0px|0px|false|false&#8220; global_colors_info=&#8220;{}&#8220;][et_pb_column type=&#8220;1_4&#8243; module_id=&#8220;erl1&#8243; _builder_version=&#8220;4.16&#8243; custom_padding=&#8220;0px|5px|0px|5px|false|false&#8220; border_width_right=&#8220;1px&#8220; border_color_right=&#8220;#cccccc&#8220; global_colors_info=&#8220;{}&#8220; custom_padding__hover=&#8220;|||&#8220;][et_pb_text admin_label=&#8220;Text&#8220; _builder_version=&#8220;4.16&#8243; header_font_size=&#8220;21px&#8220; background_size=&#8220;initial&#8220; background_position=&#8220;top_left&#8220; background_repeat=&#8220;repeat&#8220; custom_margin=&#8220;0px||||false|false&#8220; custom_margin_tablet=&#8220;0px||||false|false&#8220; custom_margin_phone=&#8220;&#8220; custom_margin_last_edited=&#8220;on|tablet&#8220; custom_padding=&#8220;||0px||false|false&#8220; global_colors_info=&#8220;{}&#8220;]<\/p>\n<h1><img loading=\"lazy\" decoding=\"async\" class=\"wp-image-452 alignnone size-full\" style=\"float: left;\" src=\"http:\/\/segway-in-steyr.at\/sis\/wp-content\/uploads\/2021\/04\/MHM_1.png\" alt=\"\" width=\"44\" height=\"45\" \/>FREUNDE\/KOLLEGEN UND ZEIT NEHMEN<\/h1>\n<p>[\/et_pb_text][et_pb_text _builder_version=&#8220;4.21.0&#8243; _module_preset=&#8220;default&#8220; custom_margin=&#8220;||-8px|||&#8220; custom_padding=&#8220;||0px|||&#8220; global_colors_info=&#8220;{}&#8220;]<\/p>\n<table border=\"0\" style=\"width: 100%; border-collapse: collapse; border-style: none;\" cellpadding=\"0\" cellspacing=\"0\">\n<tbody>\n<tr>\n<td style=\"width: 50%;\">\n<h4><strong><span style=\"color: #008000;\">Freunde?<\/span><\/strong><\/h4>\n<\/td>\n<td style=\"width: 50%; text-align: right;\">\n<h5><strong>4 bis 30 Personen<\/strong><\/h5>\n<\/td>\n<\/tr>\n<tr>\n<td style=\"width: 50%;\">\n<h4><strong><span style=\"color: #008000;\">Zeit<\/span><\/strong><\/h4>\n<\/td>\n<td style=\"width: 50%; text-align: right;\">\n<h5><strong>3 Stunden \u2013 bitte Reserve einplanen<\/strong><\/h5>\n<\/td>\n<\/tr>\n<tr>\n<td style=\"width: 50%;\">\n<h4><strong><span style=\"color: #008000;\">Kosten<\/span><\/strong><\/h4>\n<\/td>\n<td style=\"width: 50%; text-align: right;\">\n<h5><strong>78,\u2013 pro Person<\/strong><\/h5>\n<\/td>\n<\/tr>\n<tr>\n<td style=\"width: 50%;\">\n<h4><strong><span style=\"color: #008000;\">Termin<\/span><\/strong><\/h4>\n<\/td>\n<td style=\"width: 50%; text-align: right;\">\n<h5><strong>Einfach mit uns ausmachen<\/strong><\/h5>\n<\/td>\n<\/tr>\n<\/tbody>\n<\/table>\n<p>[\/et_pb_text][et_pb_button button_url=&#8220;mailto:erlebnisse@segway-in-steyr.at?subject=ja%2C%20wir%20haben%20interesse%20an%20einem%20segway%20erlebnis,%20wir%20tragen%20nur%20das%20ein%20was%20wir%20wissen%20%3B)&#038;body=Datum%3A%0AUhrzeit:%0ATourvariante:%20AYCS%20Erlebnis%20(3h)%0AAnzahl%20Teilnehmer:%0AWunschGuide%3A%0A%0Aganz%20liebe%20gr%C3%BCsse%20aus%3A%0A%0AHandynummer%3A&#8220; url_new_window=&#8220;on&#8220; button_text=&#8220;per email anfragen&#8220; button_alignment=&#8220;center&#8220; _builder_version=&#8220;4.16&#8243; _module_preset=&#8220;default&#8220; custom_button=&#8220;on&#8220; button_text_color=&#8220;#ffffff&#8220; button_bg_color=&#8220;#0a9534&#8243; button_border_width=&#8220;0px&#8220; button_border_radius=&#8220;10px&#8220; button_font=&#8220;||||||||&#8220; button_use_icon=&#8220;off&#8220; custom_margin=&#8220;20px||10px||false|false&#8220; custom_margin_tablet=&#8220;||20px||false|false&#8220; custom_margin_phone=&#8220;15px||||false|false&#8220; custom_margin_last_edited=&#8220;on|phone&#8220; custom_css_main_element=&#8220;width:98%;&#8220; global_colors_info=&#8220;{}&#8220;][\/et_pb_button][\/et_pb_column][et_pb_column type=&#8220;1_4&#8243; _builder_version=&#8220;4.16&#8243; custom_padding=&#8220;0px|5px|0px|5px|false|false&#8220; border_width_right=&#8220;1px&#8220; border_color_right=&#8220;#cccccc&#8220; global_colors_info=&#8220;{}&#8220; custom_padding__hover=&#8220;|||&#8220;][et_pb_text admin_label=&#8220;Text&#8220; _builder_version=&#8220;4.16&#8243; header_font_size=&#8220;20px&#8220; background_size=&#8220;initial&#8220; background_position=&#8220;top_left&#8220; background_repeat=&#8220;repeat&#8220; custom_margin_tablet=&#8220;&#8220; custom_margin_phone=&#8220;20px||||false|false&#8220; custom_margin_last_edited=&#8220;on|phone&#8220; custom_padding=&#8220;||0px||false|false&#8220; global_colors_info=&#8220;{}&#8220;]<\/p>\n<h1><img loading=\"lazy\" decoding=\"async\" src=\"http:\/\/segway-in-steyr.at\/sis\/wp-content\/uploads\/2021\/04\/MHM_2.png\" width=\"44\" height=\"46\" alt=\"\" class=\"wp-image-453 alignnone size-full\" style=\"float: left;\" \/> SCHWEBEN LERNEN ODER AUFFRISCHEN<\/h1>\n<p>[\/et_pb_text][et_pb_text admin_label=&#8220;Text&#8220; _builder_version=&#8220;4.16&#8243; background_size=&#8220;initial&#8220; background_position=&#8220;top_left&#8220; background_repeat=&#8220;repeat&#8220; custom_margin=&#8220;0px||0px||false|false&#8220; custom_padding=&#8220;0px||0px||false|false&#8220; global_colors_info=&#8220;{}&#8220;]<\/p>\n<h4>Am Erlebnistag p\u00fcnktlich eintrudeln. (Informationen dazu sind in der Buchungsbestatigung)<\/h4>\n<h6>Eine knackige Einschulung und Sie sind bereit \u2013 es sollen ja alle stra\u00dfenverkehrsfit sein!<\/h6>\n<div class=\"page\" title=\"Page 4\">\n<div class=\"section\">\n<div class=\"layoutArea\">\n<div class=\"column\">\n<h6><span>Nach Douglas Adams geht fliegen so einfach: Wegspringen und aufs Runterfallen vergessen. Schweben ist noch leichter&#8230; <\/span><\/h6>\n<\/div>\n<\/div>\n<\/div>\n<\/div>\n<p>[\/et_pb_text][\/et_pb_column][et_pb_column type=&#8220;1_4&#8243; _builder_version=&#8220;4.16&#8243; custom_padding=&#8220;0px|5px|0px|5px|false|false&#8220; border_width_right=&#8220;1px&#8220; border_color_right=&#8220;#cccccc&#8220; global_colors_info=&#8220;{}&#8220; custom_padding__hover=&#8220;|||&#8220;][et_pb_text admin_label=&#8220;Text&#8220; _builder_version=&#8220;4.16&#8243; header_font_size=&#8220;21px&#8220; background_size=&#8220;initial&#8220; background_position=&#8220;top_left&#8220; background_repeat=&#8220;repeat&#8220; custom_margin_tablet=&#8220;20px||||false|false&#8220; custom_margin_phone=&#8220;&#8220; custom_margin_last_edited=&#8220;on|desktop&#8220; custom_padding=&#8220;||0px||false|false&#8220; global_colors_info=&#8220;{}&#8220;]<\/p>\n<h1 style=\"text-align: left;\"><strong><img loading=\"lazy\" decoding=\"async\" src=\"http:\/\/segway-in-steyr.at\/sis\/wp-content\/uploads\/2021\/04\/MHM_3.png\" width=\"44\" height=\"45\" alt=\"\" class=\"wp-image-454 alignnone size-full\" style=\"float: left;\" \/>EINZIGARTIGE ZIEL(E) AUSW\u00c4HLEN<\/strong><\/h1>\n<p>[\/et_pb_text][et_pb_text admin_label=&#8220;Text&#8220; _builder_version=&#8220;4.21.0&#8243; header_4_line_height=&#8220;0.3em&#8220; background_size=&#8220;initial&#8220; background_position=&#8220;top_left&#8220; background_repeat=&#8220;repeat&#8220; custom_margin=&#8220;0px||-12px||false|false&#8220; custom_padding=&#8220;0px||0px||false|false&#8220; global_colors_info=&#8220;{}&#8220;]<\/p>\n<h6>Zusammen mit unserem\/Ihrem Guide wa\u0308hlen Sie die passenden Ziele von unserer Ziel-Fotowand aus:<\/h6>\n<h4 style=\"text-align: left;\">GASSERL<\/h4>\n<h4 style=\"text-align: right;\">AUSSICHTEN<\/h4>\n<h4 style=\"text-align: center;\">PLATZERL<\/h4>\n<h4 style=\"text-align: right;\">GESCHICHTEN<\/h4>\n<h4>JAUSENPL\u00c4TZE<\/h4>\n<h4 style=\"text-align: center;\">LEGENDEN<\/h4>\n<h4 style=\"text-align: right;\">FL\u00dcSSE<\/h4>\n<p>[\/et_pb_text][\/et_pb_column][et_pb_column type=&#8220;1_4&#8243; _builder_version=&#8220;4.16&#8243; background_image=&#8220;http:\/\/segway-in-steyr.at\/sis\/wp-content\/uploads\/2021\/04\/MHM_hg.png&#8220; background_size=&#8220;initial&#8220; background_position=&#8220;top_right&#8220; custom_padding=&#8220;0px|5px|0px|5px|false|false&#8220; border_width_right=&#8220;1px&#8220; border_color_right=&#8220;#cccccc&#8220; global_colors_info=&#8220;{}&#8220; custom_padding__hover=&#8220;|||&#8220;][et_pb_text admin_label=&#8220;Text&#8220; _builder_version=&#8220;4.16&#8243; header_font_size=&#8220;21px&#8220; background_size=&#8220;initial&#8220; background_position=&#8220;top_left&#8220; background_repeat=&#8220;repeat&#8220; custom_margin_tablet=&#8220;20px||||false|false&#8220; custom_margin_phone=&#8220;&#8220; custom_margin_last_edited=&#8220;on|desktop&#8220; custom_padding=&#8220;||0px||false|false&#8220; global_colors_info=&#8220;{}&#8220;]<\/p>\n<h1 style=\"text-align: left;\"><img loading=\"lazy\" decoding=\"async\" src=\"http:\/\/segway-in-steyr.at\/sis\/wp-content\/uploads\/2021\/04\/MHM_4.png\" width=\"44\" height=\"45\" alt=\"\" class=\"wp-image-455 alignnone size-full\" style=\"float: left;\" \/>UND EINFACH SCHWEBEN!<\/h1>\n<p>[\/et_pb_text][et_pb_text admin_label=&#8220;Text&#8220; _builder_version=&#8220;4.16&#8243; background_size=&#8220;initial&#8220; background_position=&#8220;top_left&#8220; background_repeat=&#8220;repeat&#8220; width=&#8220;50%&#8220; custom_margin=&#8220;0px||0px||false|false&#8220; custom_padding=&#8220;0px||130px||false|false&#8220; global_colors_info=&#8220;{}&#8220;]<\/p>\n<div class=\"page\" title=\"Page 5\">\n<div class=\"layoutArea\">\n<div class=\"column\">\n<h6><span>Unsere erfahrenen Guides bringen Sie zum Schweben und raus ins historische Steyr und seine Umgebung.<\/span><\/h6>\n<p><span><\/span><\/p>\n<p><span><\/span><\/p>\n<\/div>\n<\/div>\n<\/div>\n<p>[\/et_pb_text][\/et_pb_column][\/et_pb_row][\/et_pb_section]<\/p>\n","protected":false},"excerpt":{"rendered":"<p>Frage? beantwortet!Schwebe &#8211; ErlebnisseGlidersClubHeuteMorgenOnline BUCHEN SeiteMen\u00fcDie wichtigsten Antworten zum Schweben 2026T\u00e4glich TourbetriebSonntag 29.M\u00e4rz bis Montag, 26. Oktober 2026 Vorher und Nachher f\u00fcr Gruppen\u00a0gerne auf Anfrage, bitte per email und zumindest 24h vorab. Weihnachtstouren kommen wieder in der Adventszeit Mit uns\u00a0\u2026 SPRECHEN\u00a0+43 720 554721SCHREIBEN\u00a0erlebnisse@segway-in-steyr.atONLINE BUCHEN und SCHWEBEN booking.segway-in-steyr.at erlebnis per mail anfra\u00adgen (CLICK) OrganisatorischesReser\u00advie\u00adrung? Wir schwe\u00adben [&hellip;]<\/p>\n","protected":false},"author":1,"featured_media":0,"parent":0,"menu_order":0,"comment_status":"closed","ping_status":"closed","template":"","meta":{"_et_pb_use_builder":"on","_et_pb_old_content":"<!-- wp:paragraph -->\r\n<p>Dies ist eine Beispiel-Seite. Sie unterscheidet sich von Beitr\u00e4gen, da sie stets an derselben Stelle bleibt und (bei den meisten Themes) in der Website-Navigation angezeigt wird. Die meisten starten mit einem Impressum, der Datenschutzerkl\u00e4rung oder einer \u201e\u00dcber\u00a0uns\u201c-Seite, um sich potenziellen Besuchern der Website vorzustellen. Dort k\u00f6nnte zum Beispiel stehen:<\/p>\r\n<!-- \/wp:paragraph -->\r\n\r\n<!-- wp:quote -->\r\n<blockquote class=\"wp-block-quote\"><p>Hallo! Tags\u00fcber arbeite ich als Fahrradkurier, nachts bin ich ein aufstrebender Schauspieler und dies hier ist meine Website. Ich lebe in Berlin, habe einen gro\u00dfen Hund namens Jack, mag Pi\u00f1a Coladas, jedoch weniger (ohne Schirm) im Regen stehen gelassen zu werden.<\/p><\/blockquote>\r\n<!-- \/wp:quote -->\r\n\r\n<!-- wp:paragraph -->\r\n<p>...oder so etwas wie das hier:<\/p>\r\n<!-- \/wp:paragraph -->\r\n\r\n<!-- wp:quote -->\r\n<blockquote class=\"wp-block-quote\"><p>Das Unternehmen XYZ wurde 1971 gegr\u00fcndet und versorgt die \u00d6ffentlichkeit seither mit qualitativ hochwertigen Produkten. An seinem Standort in einer kleinen Gro\u00dfstadt besch\u00e4ftigt der Betrieb \u00fcber 2.000 Menschen und unterst\u00fctzt die Stadtbewohner in vielfacher Hinsicht.<\/p><\/blockquote>\r\n<!-- \/wp:quote -->\r\n\r\n<!-- wp:paragraph -->\r\n<p>Als neuer WordPress-Benutzer solltest du <a href=\"http:\/\/segway-in-steyr.at\/sis\/wp-admin\/\">dein Dashboard<\/a> aufrufen, um diese Seite zu l\u00f6schen und neue Seiten und Beitr\u00e4ge f\u00fcr deine Website erstellen. Viel Spa\u00df!<\/p>\r\n<!-- \/wp:paragraph -->","_et_gb_content_width":"","footnotes":""},"class_list":["post-219","page","type-page","status-publish","hentry"],"_links":{"self":[{"href":"https:\/\/segway-in-steyr.at\/sis\/wp-json\/wp\/v2\/pages\/219","targetHints":{"allow":["GET"]}}],"collection":[{"href":"https:\/\/segway-in-steyr.at\/sis\/wp-json\/wp\/v2\/pages"}],"about":[{"href":"https:\/\/segway-in-steyr.at\/sis\/wp-json\/wp\/v2\/types\/page"}],"author":[{"embeddable":true,"href":"https:\/\/segway-in-steyr.at\/sis\/wp-json\/wp\/v2\/users\/1"}],"replies":[{"embeddable":true,"href":"https:\/\/segway-in-steyr.at\/sis\/wp-json\/wp\/v2\/comments?post=219"}],"version-history":[{"count":165,"href":"https:\/\/segway-in-steyr.at\/sis\/wp-json\/wp\/v2\/pages\/219\/revisions"}],"predecessor-version":[{"id":829,"href":"https:\/\/segway-in-steyr.at\/sis\/wp-json\/wp\/v2\/pages\/219\/revisions\/829"}],"wp:attachment":[{"href":"https:\/\/segway-in-steyr.at\/sis\/wp-json\/wp\/v2\/media?parent=219"}],"curies":[{"name":"wp","href":"https:\/\/api.w.org\/{rel}","templated":true}]}}